{"id":51899,"date":"2026-01-16T12:52:21","date_gmt":"2026-01-16T11:52:21","guid":{"rendered":"https:\/\/www.test.cesramonycajal.com\/?page_id=51899"},"modified":"2026-01-17T14:17:59","modified_gmt":"2026-01-17T13:17:59","slug":"politica-de-privacidad","status":"publish","type":"page","link":"https:\/\/www.test.cesramonycajal.com\/?page_id=51899","title":{"rendered":"Pol\u00edtica de privacidad"},"content":{"rendered":"<p>[et_pb_section fb_built=\u00bb1&#8243; admin_label=\u00bbHeader\u00bb _builder_version=\u00bb4.27.5&#8243; _module_preset=\u00bbdefault\u00bb hover_enabled=\u00bb0&#8243; global_colors_info=\u00bb{}\u00bb sticky_enabled=\u00bb0&#8243;][et_pb_row _builder_version=\u00bb4.27.5&#8243; _module_preset=\u00bbdefault\u00bb global_colors_info=\u00bb{}\u00bb][et_pb_column type=\u00bb4_4&#8243; _builder_version=\u00bb4.27.5&#8243; _module_preset=\u00bbdefault\u00bb global_colors_info=\u00bb{}\u00bb][et_pb_heading title=\u00bbPol\u00edtica de privacidad\u00bb _builder_version=\u00bb4.27.5&#8243; _module_preset=\u00bbdefault\u00bb title_text_align=\u00bbcenter\u00bb global_colors_info=\u00bb{}\u00bb][\/et_pb_heading][\/et_pb_column][\/et_pb_row][\/et_pb_section][et_pb_section fb_built=\u00bb1&#8243; _builder_version=\u00bb4.27.5&#8243; _module_preset=\u00bbdefault\u00bb hover_enabled=\u00bb0&#8243; global_colors_info=\u00bb{}\u00bb sticky_enabled=\u00bb0&#8243;][et_pb_row _builder_version=\u00bb4.27.5&#8243; _module_preset=\u00bbdefault\u00bb global_colors_info=\u00bb{}\u00bb][et_pb_column type=\u00bb4_4&#8243; _builder_version=\u00bb4.27.5&#8243; _module_preset=\u00bbdefault\u00bb global_colors_info=\u00bb{}\u00bb][et_pb_text _builder_version=\u00bb4.27.5&#8243; _module_preset=\u00bbdefault\u00bb hover_enabled=\u00bb0&#8243; global_colors_info=\u00bb{}\u00bb sticky_enabled=\u00bb0&#8243;]<\/p>\n<h2>Informaci\u00f3n b\u00e1sica de protecci\u00f3n de datos<\/h2>\n<p>Finalidad: Centro educativo.<\/p>\n<p>Legitimaci\u00f3n: Ejecuci\u00f3n de un servicio contratado, consentimiento del interesado\/representante legal y cumplimiento de una obligaci\u00f3n legal.<\/p>\n<p>Destinatarios: No se ceder\u00e1n datos a terceros, salvo obligaci\u00f3n legal.<\/p>\n<p>Comunicaciones: Env\u00edo de comunicaciones operativas y comerciales a trav\u00e9s de diferentes medios (tel\u00e9fono, sms, correo electr\u00f3nico, ordinario u otros equivalentes).<\/p>\n<p>Derechos: Acceso, rectificaci\u00f3n y supresi\u00f3n, as\u00ed como otros derechos, tal como se explica en este documento.<\/p>\n<p>Nos reservamos el derecho a modificar o adaptar la presente Pol\u00edtica de Privacidad en cualquier momento. Te recomendamos revisar la misma, y si te has registrado y accedes a tu cuenta o perfil, se te informar\u00e1 de las modificaciones.<\/p>\n<h2>Categor\u00edas de interesados y tratamientos asociados<\/h2>\n<h3>Contactos de la web o del correo electr\u00f3nico<\/h3>\n<p>\u00bfQu\u00e9 datos recopilamos a trav\u00e9s de la Web?<\/p>\n<p>Podemos tratar tu IP, qu\u00e9 sistema operativo o navegador usas, e incluso la duraci\u00f3n de tu visita, de forma an\u00f3nima.<\/p>\n<div>\n<div>\n<div>\n<p>Si nos facilitas datos en el formulario de contacto, te identificar\u00e1s para poder contactar contigo, en caso de que sea necesario.<\/p>\n<p>\u00bfCon que finalidades vamos a tratar sus datos personales?<\/p>\n<p>Contestar a tus consultas, solicitudes o peticiones.<br \/>Gestionar el servicio solicitado, contestar tu solicitud, o tramitar tu petici\u00f3n.<br \/>Informaci\u00f3n por medios electr\u00f3nicos, que versen sobre tu solicitud.<br \/>Informaci\u00f3n comercial o de eventos por medios electr\u00f3nicos, siempre que exista autorizaci\u00f3n expresa.<br \/>Realizar an\u00e1lisis y mejoras en la Web, sobre nuestros productos y servicios.<br \/>Mejorar nuestra estrategia comercial.<\/p>\n<p>\u00bfCu\u00e1l es la legitimaci\u00f3n para el tratamiento de tus datos?<\/p>\n<p>La aceptaci\u00f3n y consentimiento del interesado: En aquellos casos donde para realizar una solicitud sea necesario cumplimentar un formulario y hacer un \u201cclick\u201d en el bot\u00f3n de enviar, la realizaci\u00f3n del mismo implicar\u00e1 necesariamente que ha sido informado y ha otorgado expresamente su consentimiento al contenido de la cl\u00e1usula anexada a dicho formulario o aceptaci\u00f3n de la pol\u00edtica de privacidad.<\/p>\n<p>Todos nuestros formularios cuentan con el s\u00edmbolo * en los datos obligatorios. Si no facilitas esos campos, o no marcas el checkbox de aceptaci\u00f3n de la pol\u00edtica de privacidad, no se permitir\u00e1 el env\u00edo de la informaci\u00f3n. Normalmente tiene la siguiente f\u00f3rmula:\u00a0 \u201c\u25a2 Soy mayor de 14 a\u00f1os y he le\u00eddo y acepto la Pol\u00edtica de privacidad y Protecci\u00f3n de datos.\u201d<\/p>\n<h2>Contactos del bolet\u00edn<\/h2>\n<p>\u00bfQu\u00e9 datos recopilamos a trav\u00e9s del newsletter?<\/p>\n<p>Al darte de alta en nuestros servicios, nos facilitas una direcci\u00f3n de correo electr\u00f3nico a la que podemos remitirte nuestro newsletter.<\/p>\n<\/div>\n<\/div>\n<div>\n<p>Almacenaremos \u00fanicamente tu email en nuestra base de datos, y procederemos a enviarte correos peri\u00f3dicamente, hasta que solicites la baja, o dejemos de enviar correos. La recepci\u00f3n de este newsletter no afecta a la prestaci\u00f3n de nuestros servicios.<br \/>Siempre tendr\u00e1s la opci\u00f3n de darte de baja, en cualquier comunicaci\u00f3n.<\/p>\n<p>\u00bfCon que finalidades vamos a tratar tus datos personales?<\/p>\n<p>Gestionar el servicio solicitado.<\/p>\n<p>Informaci\u00f3n por medios electr\u00f3nicos, que versen sobre tu solicitud.<br \/>Informaci\u00f3n comercial o de eventos por medios electr\u00f3nicos, siempre que exista autorizaci\u00f3n expresa.<br \/>Realizar an\u00e1lisis y mejoras en el env\u00edo de mailing, para mejorar nuestra estrategia comercial.<\/p>\n<p>\u00bfCu\u00e1l es la legitimaci\u00f3n para el tratamiento de tus datos?<\/p>\n<p>La aceptaci\u00f3n y consentimiento del interesado: En aquellos casos donde te suscribas ser\u00e1 necesario aceptar un checkbox y clicar en el bot\u00f3n de enviar. Ello implicar\u00e1 necesariamente que has sido informado y has otorgado expresamente tu consentimiento a la recepci\u00f3n del newsletter.<\/p>\n<p>Si no marcas el checkbox de aceptaci\u00f3n de la pol\u00edtica de privacidad, no se permitir\u00e1 el env\u00edo de la informaci\u00f3n. Normalmente tiene la siguiente f\u00f3rmula:<br \/>\u201c\u25a1 Soy mayor de 14 a\u00f1os y he le\u00eddo y acepto la Pol\u00edtica de privacidad.\u201d<\/p>\n<\/div>\n<div>\n<div>\n<h3>Clientes<\/h3>\n<p>\u00bfCon que finalidades vamos a tratar tus datos personales?<\/p>\n<ul>\n<li>Elaboraci\u00f3n del presupuesto y seguimiento del mismo mediante comunicaciones entre ambas partes.<\/li>\n<li>Informaci\u00f3n por medios electr\u00f3nicos, que versen sobre tu solicitud.<\/li>\n<li>Informaci\u00f3n comercial o de eventos por medios electr\u00f3nicos, siempre que exista autorizaci\u00f3n expresa.<\/li>\n<li>Gestionar los servicios administrativos, de comunicaciones y de log\u00edstica realizados por el Responsable.<\/li>\n<li>Facturaci\u00f3n y declaraci\u00f3n de los impuestos oportunos.<\/li>\n<li>Realizar las transacciones que correspondan.<\/li>\n<li>Gestiones de control y recobro.<\/li>\n<\/ul>\n<\/div>\n<\/div>\n<div>\n<h3>Demandantes de empleo<\/h3>\n<p>\u00bfCon que finalidades vamos a tratar tus datos personales?<\/p>\n<ul>\n<li>Organizaci\u00f3n de procesos de selecci\u00f3n para la contrataci\u00f3n de empleados.<\/li>\n<li>Citarte para entrevistas de trabajo y evaluar tu candidatura.<\/li>\n<li>Si nos has dado tu consentimiento, se lo podremos ceder a empresas colaboradoras o afines, con el \u00fanico objetivo de ayudarte a encontrar empleo.<\/li>\n<li>Si marcas el checkbox de aceptaci\u00f3n de la pol\u00edtica de privacidad, nos das tu consentimiento para ceder tu solicitud de empleo a empresas colaboradoras o afines, con el \u00fanico objetivo de ayudarte a encontrar empleo.<\/li>\n<li>Usted nos da su consentimiento para a\u00f1adir su nombre y apellidos en nuestra lista de relaci\u00f3n de admitidos la cual se publicar\u00e1 en nuestra p\u00e1gina web.<\/li>\n<\/ul>\n<p>Asimismo, te comunicamos que transcurrido un a\u00f1o desde la recepci\u00f3n de tu curr\u00edculum vitae, procederemos a su destrucci\u00f3n segura.<\/p>\n<p>\u00bfCu\u00e1l es la legitimaci\u00f3n para el tratamiento de tus datos?<\/p>\n<p>La base legal es tu consentimiento inequ\u00edvoco, al enviarnos tu CV.<\/p>\n<h2>Informaci\u00f3n general sobre la pol\u00edtica de privacidad y protecci\u00f3n de datos<\/h2>\n<p>La presente \u201cPol\u00edtica de Privacidad y Protecci\u00f3n de datos\u201d tiene como finalidad dar a conocer las Condiciones Generales que rigen la recogida y tratamiento de datos personales a trav\u00e9s del dominio <a href=\"WWW.CESRAMONYCAJAL.COM\">www.cesramonycajal.com<\/a><\/p>\n<p>TEAR S.C.A. es el titular de este dominio y ha publicado este sitio web para facilitar a los potenciales visitantes el acceso a la informaci\u00f3n referida a sus soluciones y servicios. La informaci\u00f3n expuesta en el sitio web se deja a la libre disposici\u00f3n de los usuarios que accedan al sitio web de manera particular e individual, sin coste alguno. Queda expresamente prohibida la comercializaci\u00f3n del derecho de acceso.<\/p>\n<p>Queda expresamente prohibida la copia o reproducci\u00f3n total o parcial de la informaci\u00f3n publicada mediante cualquier soporte electr\u00f3nico (p\u00e1ginas web, bases de datos o publicaciones electr\u00f3nicas) que permita la redifusi\u00f3n de cualquier informaci\u00f3n publicada en este sitio web a m\u00faltiples usuarios sin el previo consentimiento por escrito del titular.<\/p>\n<h3>Canales a trav\u00e9s de los que obtenemos los datos<\/h3>\n<p>TEAR S.C.A., obtiene los datos de car\u00e1cter personal directamente del interesado a trav\u00e9s de los siguientes canales:<\/p>\n<ul>\n<li>Correo electr\u00f3nico<\/li>\n<li>Formularios\/Cuestionarios (Web , electr\u00f3nicos o formato papel)<\/li>\n<li>Intercambio de tarjetas de presentaci\u00f3n.<\/li>\n<li>Directamente de los interesados.<\/li>\n<\/ul>\n<h3>Finalidades del tratamiento<\/h3>\n<p>Los datos que TEAR S.C.A., recaba por las diferentes v\u00edas (p\u00e1gina web, correo electr\u00f3nico, formularios electr\u00f3nicos o formularios y documentos en papel) dentro de su actividad, son tratados con las siguientes finalidades:<\/p>\n<ol>\n<li>Gestionar y tramitar cualquier tipo de solicitud de informaci\u00f3n en relaci\u00f3n a los servicios que ofrecemos.<\/li>\n<li>Mantener informado a nuestros clientes e interesados sobre nuestros servicios, y sobre aquellos temas que consideramos sean de inter\u00e9s profesional.<\/li>\n<li>Elaboraci\u00f3n de contratos (contratos de servicios y contratos de trabajo)<\/li>\n<li>Procesos de selecci\u00f3n de personal para un puesto de trabajo.<\/li>\n<\/ol>\n<h3>Exactitud de la informaci\u00f3n<\/h3>\n<p>TEAR S.C.A. pone el m\u00e1ximo empe\u00f1o en la exactitud y actualizaci\u00f3n de la informaci\u00f3n publicada en su sitio web. Sin embargo, TEAR S.C.A. no se responsabiliza de las consecuencias de la lectura de la misma.<\/p>\n<h3>Seguridad de la informaci\u00f3n<\/h3>\n<p>TEAR S.C.A. toma todas las medidas adecuadas para proteger los accesos no autorizados o alteraciones, revelaci\u00f3n o destrucci\u00f3n de informaci\u00f3n. Esto incluye revisiones internas de nuestras pr\u00e1cticas de recopilaci\u00f3n, almacenamiento y procesamiento de informaci\u00f3n, as\u00ed como de las medidas de seguridad f\u00edsicas y l\u00f3gicas para proteger de accesos no autorizados a los sistemas en los que se almacena la informaci\u00f3n.<\/p>\n<p>Todo nuestro personal ha firmado un acuerdo de confidencialidad y conoce la pol\u00edtica de protecci\u00f3n de datos, y en el caso de terceros que en cumplimiento de un servicio pudieran tener acceso a los ficheros con datos de car\u00e1cter personal responsabilidad de TEAR S.C.A., dicho servicio estar\u00e1 regulado conforme al art\u00edculo 28 del Reglamento General de Protecci\u00f3n de Datos UE 2016\/679.<\/p>\n<h3>Datos personales de terceros<\/h3>\n<p>No, como norma general s\u00f3lo tratamos los datos que nos facilitan los titulares. Si nos aportas datos de terceros, deber\u00e1s con car\u00e1cter previo, informar y solicitar su consentimiento a dichas personas, o de lo contrario nos eximes de cualquier responsabilidad por el incumplimiento de \u00e9ste requisito.<\/p>\n<h3>Datos de menores<\/h3>\n<p>No tratamos datos de menores de 14 a\u00f1os. Por tanto, el usuario debe abstenerse de facilitarlos si no tiene esa edad o, en su caso, de facilitar datos de terceros que no tengan la citada edad. TEAR S.C.A. se exime de cualquier responsabilidad por el incumplimiento de esta previsi\u00f3n.<\/p>\n<h2>Comunicaciones por medios electr\u00f3nicos<\/h2>\n<p>S\u00f3lo se realizar\u00e1n para gestionar tu solicitud, si es uno de los medios de contacto que nos ha facilitado.<\/p>\n<p>Si realizamos comunicaciones comerciales habr\u00e1n sido previa y expresamente autorizadas por ti.<\/p>\n<p>\u00bfQu\u00e9 puedes hacer si no quiere recibir comunicaciones comerciales?<\/p>\n<p>De conformidad con la LSSSI podr\u00e1 darse de baja de cualquiera de los servicios de subscripci\u00f3n as\u00ed como manifestar su oposici\u00f3n a recibir informaciones publicitarias, enviando un email desde la cuenta a dar de baja con la palabra \u201cBAJA\u201d en el asunto, a la siguiente direcci\u00f3n: <a href=\"mailto:administracion@cesramonycajal.com\">administracion@cesramonycajal.com<\/a><\/p>\n<h2>Destinatarios de los datos<\/h2>\n<p>Sus datos ser\u00e1n conservados bajo estrictas medidas de seguridad que garanticen la confidencialidad y la seguridad de los mismos. Del mismo modo, s\u00f3lo ser\u00e1n cedidos a las entidades y para las finalidades siguientes:<\/p>\n<ul>\n<li>Entidades y proveedores que prestan servicios a TEAR S.C.A. para la correcta ejecuci\u00f3n de nuestras actividades y proyectos. Dichas entidades y proveedores se encuentran debidamente acreditados y firman con nosotros el correspondiente contrato de tratamiento de datos en cumplimiento de la normativa de protecci\u00f3n de datos vigente.<\/li>\n<\/ul>\n<p>Por poner ejemplos de los servicios que nos prestan y que pueden implicar el tratamiento de sus datos personales por cuenta de TEAR S.C.A., podemos citarle, a t\u00edtulo enunciativo y no limitativo: servicios profesionales multidisciplinares, asesoramiento jur\u00eddico, servicios tecnol\u00f3gicos, inform\u00e1ticos, mensajer\u00eda y reparto, mantenimiento, seguridad y vigilancia, publicidad y marketing, call center etc\u2026<\/p>\n<ul>\n<li>Organismos y entidades oficiales en cumplimiento de las normativas y leyes vigentes.<\/li>\n<\/ul>\n<p>Cualquier transferencia internacional de datos al usar aplicaciones americanas, estar\u00e1 adherida al convenio Privacy Shield, que garantiza que las empresas de software americano cumplen las pol\u00edticas de protecci\u00f3n de datos europeas en materia de privacidad.<\/p>\n<h2>Derechos de los usuarios<\/h2>\n<ul>\n<li>A saber si estamos tratando tus datos o no.<\/li>\n<li>A acceder a tus datos personales.<\/li>\n<li>A solicitar la rectificaci\u00f3n de tus datos si son inexactos.<\/li>\n<li>A solicitar la supresi\u00f3n de tus datos si ya no son necesarios para los fines para los que fueron recogidos o si nos retiras el consentimiento otorgado.<\/li>\n<li>A solicitar la limitaci\u00f3n del tratamiento de sus datos, en algunos supuestos, en cuyo caso s\u00f3lo los conservaremos de acuerdo con la normativa vigente.<\/li>\n<li>A portar tus datos, que te ser\u00e1n facilitados en un formato estructurado, de uso com\u00fan o lectura mec\u00e1nica. Si lo prefieres, se los podemos enviar al nuevo responsable que nos designes. S\u00f3lo es v\u00e1lido en determinados supuestos.<\/li>\n<li>A presentar una reclamaci\u00f3n ante la Agencia Espa\u00f1ola de Protecci\u00f3n de Datos o autoridad de control competente, si crees que no te hemos atendido correctamente.<\/li>\n<li>A revocar el consentimiento para cualquier tratamiento para el que hayas consentido, en cualquier momento.<\/li>\n<\/ul>\n<p>Si modificas alg\u00fan dato, te agradecemos que nos lo comuniques para mantenerlos actualizados.<\/p>\n<p>Tambi\u00e9n puede contactar con nuestro delegado de protecci\u00f3n de datos a trav\u00e9s del correo electr\u00f3nico\u00a0<a href=\"mailto:dpo@realprot.com%22\" target=\"_blank\" rel=\"noopener\">dpo@realprot.com<\/a><\/p>\n<p>Cuando ejercite sus derechos de supresi\u00f3n, oposici\u00f3n, limitaci\u00f3n o nos retire su consentimiento, TEAR S.C.A. dejar\u00e1 de tratar sus datos, salvo por motivos leg\u00edtimos imperiosos o el ejercicio o la defensa de posibles reclamaciones.<\/p>\n<p>Todos estos derechos podr\u00e1 ejercitarlos dirigi\u00e9ndose a nosotros en las siguientes direcciones:<\/p>\n<p>Domicilio: C\/Ca\u00f1averal, s\/n 18004 &#8211; GRANADA<\/p>\n<p>Correo electr\u00f3nico: <a href=\"mailto:ADMINISTRACION@CESRAMONYCAJAL.COM\">administracion@cesramonycajal.com<\/a><\/p>\n<p>Tenemos formularios para el ejercicio de tus derechos, p\u00eddenoslos por email o si lo prefieres, puedes usar los elaborados por la Agencia Espa\u00f1ola de Protecci\u00f3n de Datos o terceros.<\/p>\n<\/div>\n<div>\n<p>Recuerde siempre que ejercite alguno de los derechos que le hemos expuesto, que estos formularios deben ir firmados electr\u00f3nicamente o ser acompa\u00f1ados de fotocopia del DNI, ello para que nos permita comprobar su identidad..<\/p>\n<p>Si te representa alguien, debes adjuntarnos copia de su DNI, o que lo firme con su firma electr\u00f3nica.<\/p>\n<p>Los formularios pueden ser presentados presencialmente, enviados por carta o por mail en la direcci\u00f3n del Responsable arriba referenciada.<\/p>\n<p>Asimismo, si no est\u00e1 conforme con c\u00f3mo hemos atendido sus derechos, podr\u00e1 presentar una reclamaci\u00f3n ante la Agencia Espa\u00f1ola de Protecci\u00f3n de Datos, a trav\u00e9s de la p\u00e1gina web <a href=\"http:\/\/www.aepd.es\">www.aepd.es<\/a>.<\/p>\n<h2>Plazos de respuesta al ejercicio de derechos<\/h2>\n<p>Depende del derecho, pero como m\u00e1ximo en un mes desde tu solicitud, y dos meses si el tema es muy complejo y te notificamos que necesitamos m\u00e1s tiempo.<\/p>\n<h2>Plazos de conservaci\u00f3n de los datos<\/h2>\n<p>Los datos personales ser\u00e1n mantenidos mientras sigas vinculado con nosotros.<\/p>\n<p>Una vez te desvincules, los datos personales tratados en cada finalidad se mantendr\u00e1n durante los plazos legalmente previstos, incluido el plazo en el que un juez o tribunal los pueda requerir atendiendo al plazo de prescripci\u00f3n de acciones judiciales.<\/p>\n<p>Los datos tratados se mantendr\u00e1n en tanto no expiren los plazos legales aludidos anteriormente, si hubiera obligaci\u00f3n legal de mantenimiento, o de no existir ese plazo legal, hasta que el interesado solicite su supresi\u00f3n o revoque el consentimiento otorgado.<\/p>\n<p>Mantendremos toda la informaci\u00f3n y comunicaciones relativas a los clientes o a la prestaci\u00f3n de nuestro servicio, mientras duren las garant\u00edas o responsabilidades de nuestros productos o servicios, para atender posibles reclamaciones.<\/p>\n<\/div>\n<\/div>\n<p>[\/et_pb_text][\/et_pb_column][\/et_pb_row][\/et_pb_section]<\/p>\n","protected":false},"excerpt":{"rendered":"<p>Informaci\u00f3n b\u00e1sica de protecci\u00f3n de datos Finalidad: Centro educativo. Legitimaci\u00f3n: Ejecuci\u00f3n de un servicio contratado, consentimiento del interesado\/representante legal y cumplimiento de una obligaci\u00f3n legal. Destinatarios: No se ceder\u00e1n datos a terceros, salvo obligaci\u00f3n legal. Comunicaciones: Env\u00edo de comunicaciones operativas y comerciales a trav\u00e9s de diferentes medios (tel\u00e9fono, sms, correo electr\u00f3nico, ordinario u otros equivalentes). [&hellip;]<\/p>\n","protected":false},"author":2,"featured_media":0,"parent":0,"menu_order":0,"comment_status":"closed","ping_status":"closed","template":"","meta":{"_et_pb_use_builder":"on","_et_pb_old_content":"<!-- wp:divi\/placeholder \/-->","_et_gb_content_width":"","footnotes":""},"class_list":["post-51899","page","type-page","status-publish","hentry"],"_links":{"self":[{"href":"https:\/\/www.test.cesramonycajal.com\/index.php?rest_route=\/wp\/v2\/pages\/51899","targetHints":{"allow":["GET"]}}],"collection":[{"href":"https:\/\/www.test.cesramonycajal.com\/index.php?rest_route=\/wp\/v2\/pages"}],"about":[{"href":"https:\/\/www.test.cesramonycajal.com\/index.php?rest_route=\/wp\/v2\/types\/page"}],"author":[{"embeddable":true,"href":"https:\/\/www.test.cesramonycajal.com\/index.php?rest_route=\/wp\/v2\/users\/2"}],"replies":[{"embeddable":true,"href":"https:\/\/www.test.cesramonycajal.com\/index.php?rest_route=%2Fwp%2Fv2%2Fcomments&post=51899"}],"version-history":[{"count":12,"href":"https:\/\/www.test.cesramonycajal.com\/index.php?rest_route=\/wp\/v2\/pages\/51899\/revisions"}],"predecessor-version":[{"id":51987,"href":"https:\/\/www.test.cesramonycajal.com\/index.php?rest_route=\/wp\/v2\/pages\/51899\/revisions\/51987"}],"wp:attachment":[{"href":"https:\/\/www.test.cesramonycajal.com\/index.php?rest_route=%2Fwp%2Fv2%2Fmedia&parent=51899"}],"curies":[{"name":"wp","href":"https:\/\/api.w.org\/{rel}","templated":true}]}}