{"id":51675,"date":"2018-01-09T19:32:36","date_gmt":"2018-01-09T18:32:36","guid":{"rendered":"http:\/\/www.cesramonycajal.com\/?page_id=9"},"modified":"2018-01-09T19:32:36","modified_gmt":"2018-01-09T18:32:36","slug":"eso","status":"publish","type":"page","link":"https:\/\/www.test.cesramonycajal.com\/?page_id=51675","title":{"rendered":"ESO"},"content":{"rendered":"<p>[vc_section full_width=&quot;stretch_row&quot; el_class=&quot;cabecera&quot; css=&quot;.vc_custom_1517560370045{background-image: url(https:\/\/www.test.cesramonycajal.com\/wp-content\/uploads\/2018\/02\/bk-eso.png?id=726 !important;background-position: center !important;background-repeat: no-repeat !important;background-size: cover !important;}&quot;][vc_row][vc_column][vc_column_text el_class=&quot;titulo-cabecera&quot;]<\/p>\n<h1>ESO<\/h1>\n<p><a class=\"eModal-1 btn-blanco\" href=\"\/\">CONTACTAR<\/a><\/p>\n<p>&nbsp;<\/p>\n<p style=\"text-align: right;\"><a class=\"btn-rojo\" href=\"https:\/\/esoybachillerato.cesramonycajal.com\">Con\u00e9ctate al Mundo<\/a><\/p>\n<p>[\/vc_column_text][\/vc_column][\/vc_row][\/vc_section][vc_section css=\u00bb.vc_custom_1515956763943{margin-bottom: 60px !important;}\u00bb][vc_row][vc_column][vc_column_text][\/vc_column_text][\/vc_column][\/vc_row][vc_row][vc_column width=\u00bb1\/2&#8243;][vc_column_text]<\/p>\n<h1><span style=\"color: #e60d2e;\"><span style=\"font-size: 28px;\">ESO<\/span><\/span><\/h1>\n<p>[\/vc_column_text][\/vc_column][vc_column width=\u00bb1\/2&#8243;][vc_column_text]<\/p>\n<h1><span style=\"font-size: 28px; color: #00247d;\">V\u00cdDEO PRESENTACI\u00d3N DEL CURSO<\/span><\/h1>\n<p>[\/vc_column_text][\/vc_column][\/vc_row][vc_row][vc_column width=\u00bb1\/2&#8243;][vc_column_text]<span style=\"font-size: 14px; color: #00247d;\">La Educaci\u00f3n Secundaria Obligatoria (ESO) es una etapa educativa obligatoria y gratuita que completa la educaci\u00f3n b\u00e1sica. Comprende dos ciclos: el primero, que corresponde a los cursos primero, segundo y tercero de la etapa; y el segundo, que corresponde al cuarto curso de la etapa. El segundo ciclo de la etapa o cuarto curso tiene un car\u00e1cter fundamentalmente proped\u00e9utico, es decir, su objetivo fundamental es el de preparar para el desarrollo de estudios posteriores.<\/span><\/p>\n<p><span style=\"font-size: 14px; color: #00247d;\">La finalidad de la Educaci\u00f3n Secundaria Obligatoria consiste en lograr que los alumnos y las alumnas adquieran los elementos b\u00e1sicos de la cultura, especialmente en sus aspectos human\u00edstico, art\u00edstico, cient\u00edfico y tecnol\u00f3gico; desarrollar y consolidar en ellos h\u00e1bitos de estudio y de trabajo; prepararles, como se ha comentado, para su incorporaci\u00f3n a estudios posteriores y para su inserci\u00f3n laboral y formarles para el ejercicio de sus derechos y obligaciones en la vida como ciudadanos.<\/span><\/p>\n<p><span style=\"font-size: 14px; color: #00247d;\">En nuestro centro, en \u00abla otra concertada\u00bb nos organizamos de acuerdo con los principios de educaci\u00f3n com\u00fan y de atenci\u00f3n a la diversidad del alumnado, prestando especial atenci\u00f3n a la orientaci\u00f3n educativa y profesional del alumnado, gracias a la exquisita coordinaci\u00f3n de la acci\u00f3n tutorial y el servicio de orientaci\u00f3n del centro.<\/span>[\/vc_column_text][\/vc_column][vc_column width=&quot;1\/2&quot;][vc_video link=&quot;https:\/\/www.youtube.com\/watch?v=m-gRlmQXxeo&quot;][\/vc_column][\/vc_row][vc_row][vc_column][vc_column_text][\/vc_column_text][\/vc_column][\/vc_row][vc_row][vc_column][vc_tta_tabs active_section=&quot;1&quot; el_class=&quot;bloque-tabs&quot;][vc_tta_section title=&quot;1\u00ba ESO&quot; tab_id=&quot;eso-1&quot;][vc_row_inner][vc_column_inner width=&quot;1\/3&quot;][vc_column_text el_class=&quot;texto-blanco info-modulos&quot; css=&quot;.vc_custom_1517561440052{background: #424242 url(https:\/\/www.test.cesramonycajal.com\/wp-content\/uploads\/2018\/02\/eso1.jpeg?id=735 !important;background-position: center !important;background-repeat: no-repeat !important;background-size: cover !important;}&quot;]\u00c1reas y materias<br \/>\n1\u00ba ESO (Biling\u00fce)[\/vc_column_text][\/vc_column_inner][vc_column_inner width=&quot;2\/3&quot;][vc_column_text el_class=&quot;tabla-formacion overflow-movil&quot;]<\/p>\n<table>\n<tbody>\n<tr style=\"height: 24px;\">\n<td style=\"text-align: center; height: 48px;\">Bloque de materias<\/td>\n<td style=\"text-align: center; height: 48px;\">Materias<\/td>\n<td style=\"text-align: center; height: 48px;\">Sesiones lectivas<\/td>\n<\/tr>\n<tr style=\"height: 24px;\">\n<td style=\"text-align: center; height: 120px;\" rowspan=\"5\">Troncales generales<\/td>\n<td style=\"text-align: center; height: 24px;\">Biolog\u00eda y Geolog\u00eda<\/td>\n<td style=\"text-align: center; height: 24px;\">3<\/td>\n<\/tr>\n<tr style=\"height: 24px;\">\n<td style=\"text-align: center; height: 24px;\">Geograf\u00eda e Historia<\/td>\n<td style=\"text-align: center; height: 24px;\">3<\/td>\n<\/tr>\n<tr style=\"height: 24px;\">\n<td style=\"text-align: center; height: 24px;\">Lengua Castellana y Literatura<\/td>\n<td style=\"text-align: center; height: 24px;\">4<\/td>\n<\/tr>\n<tr style=\"height: 24px;\">\n<td style=\"text-align: center; height: 24px;\">Matem\u00e1ticas<\/td>\n<td style=\"text-align: center; height: 24px;\">4<\/td>\n<\/tr>\n<tr style=\"height: 24px;\">\n<td style=\"text-align: center; height: 24px;\">Ingl\u00e9s<\/td>\n<td style=\"text-align: center; height: 24px;\">4<\/td>\n<\/tr>\n<tr style=\"height: 24px;\">\n<td style=\"text-align: center; height: 96px;\" rowspan=\"4\">Especificas obligatorias<\/td>\n<td style=\"text-align: center; height: 24px;\">\u00a0Educaci\u00f3n F\u00edsica<\/td>\n<td style=\"text-align: center; height: 24px;\">3<\/td>\n<\/tr>\n<tr style=\"height: 24px;\">\n<td style=\"text-align: center; height: 24px;\">\u00a0Religi\u00f3n \/ Valores \u00c9ticos<\/td>\n<td style=\"text-align: center; height: 24px;\">1<\/td>\n<\/tr>\n<tr style=\"height: 24px;\">\n<td style=\"text-align: center; height: 24px;\">Educaci\u00f3n Pl\u00e1stica, Visual y Audiovisual<\/td>\n<td style=\"text-align: center; height: 24px;\">1<\/td>\n<\/tr>\n<tr style=\"height: 24px;\">\n<td style=\"text-align: center; height: 24px;\">M\u00fasica<\/td>\n<td style=\"text-align: center; height: 24px;\">2<\/td>\n<\/tr>\n<tr style=\"height: 24px;\">\n<td style=\"text-align: center; height: 24px;\">Libre configuraci\u00f3n auton\u00f3mica<\/td>\n<td style=\"text-align: center; height: 24px;\">Franc\u00e9s<\/td>\n<td style=\"text-align: center; height: 24px;\">2<\/td>\n<\/tr>\n<tr style=\"height: 24px;\">\n<td style=\"text-align: center; height: 24px;\">Libre disposici\u00f3n<\/td>\n<td style=\"text-align: center; height: 24px;\">Cultura cl\u00e1sica<\/td>\n<td style=\"text-align: center; height: 24px;\">2<\/td>\n<\/tr>\n<tr style=\"height: 24px;\">\n<td style=\"text-align: center; height: 24px;\">Tutor\u00eda<\/td>\n<td style=\"text-align: center; height: 24px;\"><\/td>\n<td style=\"text-align: center; height: 24px;\">1<\/td>\n<\/tr>\n<tr style=\"height: 24px;\">\n<td style=\"text-align: center; height: 24px;\" colspan=\"2\">Horas grupo<\/td>\n<td style=\"text-align: center; height: 24px;\">30<\/td>\n<\/tr>\n<\/tbody>\n<\/table>\n<p>[\/vc_column_text][vc_column_text el_class=&quot;tabla-formacion&quot;]*Nota: Estas horas se dedicar\u00e1n a reforzar la\/s asignatura\/s que el equipo docente considere necesario.<\/p>\n<p>** Asignaturas en las que parte de la materia se impartir\u00e1n de manera biling\u00fce: Ciencias Naturales, Ed. Pl\u00e1stica y Matem\u00e1ticas.[\/vc_column_text][\/vc_column_inner][\/vc_row_inner][\/vc_tta_section][vc_tta_section title=&quot;2\u00ba ESO&quot; tab_id=&quot;eso-2&quot;][vc_row_inner][vc_column_inner width=&quot;1\/3&quot;][vc_column_text el_class=&quot;texto-blanco info-modulos&quot; css=&quot;.vc_custom_1570620106627{background-image: url(https:\/\/www.test.cesramonycajal.com\/wp-content\/uploads\/2018\/02\/eso-2.jpeg?id=733 !important;background-position: center !important;background-repeat: no-repeat !important;background-size: cover !important;}&quot;]\u00c1reas y materias<br \/>\n2\u00ba ESO\u00a0(Biling\u00fce)[\/vc_column_text][\/vc_column_inner][vc_column_inner width=&quot;2\/3&quot;][vc_column_text el_class=&quot;tabla-formacion overflow-movil&quot;]<\/p>\n<table style=\"width: 58.7657%; height: 360px;\">\n<tbody>\n<tr style=\"height: 48px;\">\n<td style=\"text-align: center; height: 48px; width: 39.4464%;\">Bloque de materias<\/td>\n<td style=\"text-align: center; height: 48px; width: 41.5225%;\">Materias<\/td>\n<td style=\"text-align: center; height: 48px; width: 17.3011%;\">Sesiones lectivas<\/td>\n<\/tr>\n<tr style=\"height: 24px;\">\n<td style=\"text-align: center; height: 120px; width: 39.4464%;\" rowspan=\"5\">Troncales generales<\/td>\n<td style=\"text-align: center; height: 24px; width: 41.5225%;\">F\u00edsica y Qu\u00edmica<\/td>\n<td style=\"text-align: center; height: 24px; width: 17.3011%;\">3<\/td>\n<\/tr>\n<tr style=\"height: 24px;\">\n<td style=\"text-align: center; height: 24px; width: 41.5225%;\">Geograf\u00eda e Historia<\/td>\n<td style=\"text-align: center; height: 24px; width: 17.3011%;\">3<\/td>\n<\/tr>\n<tr style=\"height: 24px;\">\n<td style=\"text-align: center; height: 24px; width: 41.5225%;\">Lengua Castellana y Literatura<\/td>\n<td style=\"text-align: center; height: 24px; width: 17.3011%;\">4<\/td>\n<\/tr>\n<tr style=\"height: 24px;\">\n<td style=\"text-align: center; height: 24px; width: 41.5225%;\">Matem\u00e1ticas<\/td>\n<td style=\"text-align: center; height: 24px; width: 17.3011%;\">4<\/td>\n<\/tr>\n<tr style=\"height: 24px;\">\n<td style=\"text-align: center; height: 24px; width: 41.5225%;\">Ingl\u00e9s<\/td>\n<td style=\"text-align: center; height: 24px; width: 17.3011%;\">4<\/td>\n<\/tr>\n<tr style=\"height: 24px;\">\n<td style=\"text-align: center; height: 120px; width: 39.4464%;\" rowspan=\"5\">Especificas obligatorias<\/td>\n<td style=\"text-align: center; height: 24px; width: 41.5225%;\">Tecnolog\u00eda<\/td>\n<td style=\"text-align: center; height: 24px; width: 17.3011%;\">3<\/td>\n<\/tr>\n<tr style=\"height: 24px;\">\n<td style=\"text-align: center; height: 24px; width: 41.5225%;\">Educaci\u00f3n F\u00edsica<\/td>\n<td style=\"text-align: center; height: 24px; width: 17.3011%;\">2<\/td>\n<\/tr>\n<tr style=\"height: 24px;\">\n<td style=\"text-align: center; height: 24px; width: 41.5225%;\">\u00a0Religi\u00f3n \/ Valores \u00c9ticos<\/td>\n<td style=\"text-align: center; height: 24px; width: 17.3011%;\">1<\/td>\n<\/tr>\n<tr style=\"height: 24px;\">\n<td style=\"text-align: center; height: 24px; width: 41.5225%;\">Educaci\u00f3n en valores c\u00edvicos y \u00e9ticos<\/td>\n<td style=\"text-align: center; height: 24px; width: 17.3011%;\">1<\/td>\n<\/tr>\n<tr style=\"height: 24px;\">\n<td style=\"text-align: center; height: 24px; width: 41.5225%;\">M\u00fasica<\/td>\n<td style=\"text-align: center; height: 24px; width: 17.3011%;\">2<\/td>\n<\/tr>\n<tr style=\"height: 24px;\">\n<td style=\"text-align: center; height: 24px; width: 39.4464%;\">Libre configuraci\u00f3n auton\u00f3mica<\/td>\n<td style=\"text-align: center; height: 24px; width: 41.5225%;\">Franc\u00e9s<\/td>\n<td style=\"text-align: center; height: 24px; width: 17.3011%;\">2<\/td>\n<\/tr>\n<tr style=\"height: 24px;\">\n<td style=\"text-align: center; height: 24px; width: 39.4464%;\">Tutor\u00eda<\/td>\n<td style=\"text-align: center; height: 24px; width: 41.5225%;\"><\/td>\n<td style=\"text-align: center; height: 24px; width: 17.3011%;\">1<\/td>\n<\/tr>\n<tr style=\"height: 24px;\">\n<td style=\"text-align: center; height: 24px; width: 80.9689%;\" colspan=\"2\">Horas grupo<\/td>\n<td style=\"text-align: center; height: 24px; width: 17.3011%;\">30<\/td>\n<\/tr>\n<\/tbody>\n<\/table>\n<p>[\/vc_column_text][vc_column_text el_class=&quot;tabla-formacion&quot;]*Nota: Estas horas se dedicar\u00e1n a reforzar la\/s asignatura\/s que el equipo docente considere necesario.<\/p>\n<p>** Asignaturas en las que parte de la materia se impartir\u00e1n de manera biling\u00fce: Ciencias Naturales, Ed. Pl\u00e1stica y Matem\u00e1ticas.[\/vc_column_text][\/vc_column_inner][\/vc_row_inner][\/vc_tta_section][vc_tta_section title=&quot;3\u00ba ESO&quot; tab_id=&quot;eso-3&quot;][vc_row_inner][vc_column_inner width=&quot;1\/3&quot;][vc_column_text el_class=&quot;texto-blanco info-modulos&quot; css=&quot;.vc_custom_1570620113219{background-image: url(https:\/\/www.test.cesramonycajal.com\/wp-content\/uploads\/2018\/02\/Eso-3.jpg?id=731 !important;background-position: center !important;background-repeat: no-repeat !important;background-size: cover !important;}&quot;]\u00c1reas y materias<br \/>\n3\u00ba ESO\u00a0(Biling\u00fce)[\/vc_column_text][\/vc_column_inner][vc_column_inner width=&quot;2\/3&quot;][vc_column_text el_class=&quot;tabla-formacion overflow-movil&quot;]<\/p>\n<table style=\"width: 54.445%;\">\n<tbody>\n<tr>\n<td style=\"text-align: center;\">Bloque de materias<\/td>\n<td style=\"text-align: center;\">Materias<\/td>\n<td style=\"text-align: center;\">Sesiones lectivas<\/td>\n<\/tr>\n<tr>\n<td style=\"text-align: center;\" rowspan=\"6\">Troncales generales<\/td>\n<td style=\"text-align: center;\">F\u00edsica y Qu\u00edmica<\/td>\n<td style=\"text-align: center;\">3<\/td>\n<\/tr>\n<tr>\n<td style=\"text-align: center;\">Biolog\u00eda y Geolog\u00eda<\/td>\n<td style=\"text-align: center;\">2<\/td>\n<\/tr>\n<tr>\n<td style=\"text-align: center;\">Geograf\u00eda e Historia<\/td>\n<td style=\"text-align: center;\">3<\/td>\n<\/tr>\n<tr>\n<td style=\"text-align: center;\">Lengua Castellana y Literatura<\/td>\n<td style=\"text-align: center;\">4<\/td>\n<\/tr>\n<tr>\n<td style=\"text-align: center;\">Matem\u00e1ticas<\/td>\n<td style=\"text-align: center;\">4<\/td>\n<\/tr>\n<tr>\n<td style=\"text-align: center;\">Ingl\u00e9s<\/td>\n<td style=\"text-align: center;\">4<\/td>\n<\/tr>\n<tr>\n<td style=\"text-align: center;\" rowspan=\"4\">Espec\u00edficas obligatorias<\/td>\n<td style=\"text-align: center;\">Tecnolog\u00eda<\/td>\n<td style=\"text-align: center;\">2<\/td>\n<\/tr>\n<tr>\n<td style=\"text-align: center;\">\u00a0Educaci\u00f3n F\u00edsica<\/td>\n<td style=\"text-align: center;\">2<\/td>\n<\/tr>\n<tr>\n<td style=\"text-align: center;\">Educaci\u00f3n pl\u00e1stica visual y audiovisual<\/td>\n<td style=\"text-align: center;\">2<\/td>\n<\/tr>\n<tr>\n<td style=\"text-align: center;\">\u00a0Religi\u00f3n \/ Valores \u00c9ticos<\/td>\n<td style=\"text-align: center;\">1<\/td>\n<\/tr>\n<tr>\n<td style=\"text-align: center;\">Libre configuraci\u00f3n auton\u00f3mica<\/td>\n<td style=\"text-align: center;\">Segunda Lengua Extranjera (Franc\u00e9s)<\/td>\n<td style=\"text-align: center;\">2<\/td>\n<\/tr>\n<tr>\n<td style=\"text-align: center;\">Tutor\u00eda<\/td>\n<td style=\"text-align: center;\"><\/td>\n<td style=\"text-align: center;\">1<\/td>\n<\/tr>\n<tr>\n<td style=\"text-align: center;\" colspan=\"2\">Horas grupo<\/td>\n<td style=\"text-align: center;\">30<\/td>\n<\/tr>\n<\/tbody>\n<\/table>\n<p>[\/vc_column_text][vc_column_text el_class=\u00bbtabla-formacion\u00bb]* El alumno eligir\u00e1 entre Matem\u00e1ticas Aplicadas y Matem\u00e1ticas Acad\u00e9micas.<\/p>\n<div id=\"gtx-trans\" style=\"position: absolute; left: -10px; top: 38px;\">\n<div class=\"gtx-trans-icon\"><\/div>\n<\/div>\n<p>[\/vc_column_text][\/vc_column_inner][\/vc_row_inner][\/vc_tta_section][vc_tta_section title=&quot;4\u00ba ESO&quot; tab_id=&quot;eso-4&quot;][vc_row_inner][vc_column_inner width=&quot;1\/3&quot;][vc_column_text el_class=&quot;texto-blanco info-modulos&quot; css=&quot;.vc_custom_1570620120539{background-image: url(https:\/\/www.test.cesramonycajal.com\/wp-content\/uploads\/2018\/02\/eso4.jpeg?id=730 !important;background-position: center !important;background-repeat: no-repeat !important;background-size: cover !important;}&quot;]\u00c1reas y materias<br \/>\n4\u00ba ESO\u00a0(Biling\u00fce)[\/vc_column_text][\/vc_column_inner][vc_column_inner width=&quot;2\/3&quot;][vc_column_text el_class=&quot;tabla-formacion overflow-movil&quot;]<\/p>\n<table>\n<tbody>\n<tr style=\"height: 24px;\">\n<td style=\"text-align: center; height: 24px; width: 26.9767%;\">Bloque de materias<\/td>\n<td style=\"text-align: center; height: 24px; width: 34.7287%;\">Materias<\/td>\n<td style=\"text-align: center; height: 24px; width: 35.5039%;\">SESIONES LECTIVAS<\/td>\n<\/tr>\n<tr style=\"height: 24px;\">\n<td style=\"text-align: center; height: 92px; width: 26.9767%;\" rowspan=\"5\">Materias Comunes Obligatorias<\/td>\n<td style=\"text-align: center; height: 24px; width: 34.7287%;\">Lengua Castellana y Literatura<\/td>\n<td style=\"text-align: center; height: 24px; width: 35.5039%;\">4<\/td>\n<\/tr>\n<tr style=\"height: 24px;\">\n<td style=\"text-align: center; height: 24px; width: 34.7287%;\">Matem\u00e1ticas<\/td>\n<td style=\"text-align: center; height: 24px; width: 35.5039%;\">4<\/td>\n<\/tr>\n<tr style=\"height: 48px;\">\n<td style=\"text-align: center; height: 10px; width: 34.7287%;\">Ingl\u00e9s<\/td>\n<td style=\"text-align: center; height: 10px; width: 35.5039%;\">4<\/td>\n<\/tr>\n<tr style=\"height: 24px;\">\n<td style=\"text-align: center; width: 34.7287%; height: 24px;\">Educaci\u00f3n F\u00edsica<\/td>\n<td style=\"text-align: center; width: 35.5039%; height: 24px;\">2<\/td>\n<\/tr>\n<tr style=\"height: 24px;\">\n<td style=\"text-align: center; height: 10px; width: 34.7287%;\">Geograf\u00eda e Historia<\/td>\n<td style=\"text-align: center; height: 10px; width: 35.5039%;\">3<\/td>\n<\/tr>\n<tr style=\"height: 48px;\">\n<td style=\"text-align: center; height: 20px; width: 26.9767%;\">Optativa<\/p>\n<p>(Obligatoria)<\/td>\n<td style=\"text-align: center; height: 20px; width: 34.7287%;\">Franc\u00e9s<\/td>\n<td style=\"text-align: center; height: 20px; width: 35.5039%;\">3<\/td>\n<\/tr>\n<tr style=\"height: 144px;\">\n<td style=\"text-align: center; width: 26.9767%; height: 144px;\">Optativa<\/p>\n<p>(Elegir 2)<\/td>\n<td style=\"text-align: center; width: 34.7287%; height: 144px;\">Econom\u00eda y emprendimiento \/ F\u00edsica y Qu\u00edmica<\/p>\n<p>Biolog\u00eda y Geolog\u00eda \/ Formaci\u00f3n y Orientaci\u00f3n Personal y Profesional<\/td>\n<td style=\"text-align: center; width: 35.5039%; height: 144px;\">3 + 3<\/td>\n<\/tr>\n<tr style=\"height: 24px;\">\n<td style=\"text-align: center; height: 34px; width: 26.9767%;\">Optativa Propia de la Comunidad Andaluza<\/td>\n<td style=\"text-align: center; height: 34px; width: 34.7287%;\">Filosof\u00eda<\/td>\n<td style=\"text-align: center; height: 34px; width: 35.5039%;\">2<\/td>\n<\/tr>\n<tr style=\"height: 24px;\">\n<td style=\"text-align: center; height: 48px; width: 26.9767%;\">Elegir 1<\/td>\n<td style=\"text-align: center; height: 24px; width: 34.7287%;\">Religi\u00f3n \/ Atenci\u00f3n Educativa<\/td>\n<td style=\"text-align: center; height: 24px; width: 35.5039%;\">1<\/td>\n<\/tr>\n<tr style=\"height: 24px;\">\n<td style=\"text-align: center; height: 24px; width: 26.9767%;\">Tutor\u00eda<\/td>\n<td style=\"text-align: center; height: 24px; width: 34.7287%;\"><\/td>\n<td style=\"text-align: center; height: 24px; width: 35.5039%;\">1<\/td>\n<\/tr>\n<tr style=\"height: 24px;\">\n<td style=\"text-align: center; height: 24px; width: 61.7054%;\" colspan=\"2\">TOTAL<\/td>\n<td style=\"text-align: center; height: 24px; width: 35.5039%;\">30<\/td>\n<\/tr>\n<\/tbody>\n<\/table>\n<p>[\/vc_column_text][vc_column_text el_class=\u00bbtabla-formacion\u00bb]* El alumno elegir\u00e1 entre Inform\u00e1tica y 2\u00aa Lengua Extranjera.<\/p>\n<div id=\"gtx-trans\" style=\"position: absolute; left: 295px; top: 38px;\">\n<div class=\"gtx-trans-icon\"><\/div>\n<\/div>\n<p>[\/vc_column_text][\/vc_column_inner][\/vc_row_inner][\/vc_tta_section][\/vc_tta_tabs][\/vc_column][\/vc_row][\/vc_section][vc_section][vc_row el_class=&quot;anchor&quot;][vc_column][\/vc_column][\/vc_row][vc_row][vc_column width=&quot;1\/3&quot;][vc_column_text el_class=&quot;texto-blanco info-modulos&quot; css=&quot;.vc_custom_1517561048033{background-image: url(https:\/\/www.test.cesramonycajal.com\/wp-content\/uploads\/2018\/02\/bachiller1.jpeg?id=734 !important;background-position: center !important;background-repeat: no-repeat !important;background-size: cover !important;}&quot;]Opciones<br \/>\nposteriores a ESO[\/vc_column_text][\/vc_column][vc_column width=&quot;2\/3&quot;][vc_column_text el_class=&quot;titulo-25&quot;]<\/p>\n<h3>Con el T\u00edtulo de Graduado en Educaci\u00f3n Secundaria Obligatoria<\/h3>\n<ul type=\"square\">\n<li>Continuar estudios:\n<ul type=\"disc\">\n<li>Bachillerato en sus cuatro opciones: Artes, Humanidades y Ciencias Sociales, Ciencias de la Naturaleza y de la Salud, Tecnolog\u00eda.<\/li>\n<li>Formaci\u00f3n Profesional Espec\u00edfica de Grado Medio.<\/li>\n<li>Ense\u00f1anzas de Artes Pl\u00e1sticas y Dise\u00f1o (Hay que realizar una prueba de acceso que se celebra entre el 1 y el 5 de Julio de cada a\u00f1o).<\/li>\n<\/ul>\n<\/li>\n<li>Acceder al mercado laboral:\n<ul type=\"disc\">\n<li>Solicitar empleo en el mercado.<\/li>\n<li>Acceso a los diversos cuerpos de seguridad del estado.<\/li>\n<\/ul>\n<\/li>\n<\/ul>\n<p>[\/vc_column_text][vc_column_text el_class=\u00bbtitulo-25&#8243;]<\/p>\n<h3>Sin titulaci\u00f3n de Graduado en Educaci\u00f3n Secundaria Obligatoria<\/h3>\n<ul type=\"square\">\n<li>Educaci\u00f3n Secundaria para adultos (ESA): estudios conducentes a la obtenci\u00f3n del t\u00edtulo de Graduado (se requiere tener 18 a\u00f1os).<\/li>\n<li>Solicitar ingreso en Ciclos Formativos de Formaci\u00f3n Profesional de Grado Medio, mediante examen de acceso. (Se requieren 17 a\u00f1os cumplidos en el a\u00f1o natural de celebraci\u00f3n de la prueba).<\/li>\n<li>Ense\u00f1anzas de Artes Pl\u00e1sticas y Dise\u00f1o. (Se requiere tener cumplidos 17 a\u00f1os y superar una prueba de acceso que se celebrar\u00e1 entre el 1 y el 5 de Julio de cada a\u00f1o).<\/li>\n<li>Seguir un Programa de Garant\u00eda Social (PGS), en los centros que lo tengan establecido, conducente a adquirir las destrezas profesionales m\u00ednimas que le faciliten su incorporaci\u00f3n al mercado laboral. No otorga t\u00edtulo, s\u00f3lo certificaci\u00f3n.<\/li>\n<li>Acceder al mercado laboral en aquellas profesiones que no le pidan titulaci\u00f3n o formaci\u00f3n profesional alguna.<\/li>\n<li>Acceder al ciclo elemental de ense\u00f1anzas oficiales de idiomas.<\/li>\n<li>Ense\u00f1anzas de M\u00fasica y Danza mediante prueba de acceso.<\/li>\n<\/ul>\n<p>[\/vc_column_text][\/vc_column][\/vc_row][\/vc_section][vc_section css=\u00bb.vc_custom_1515956793295{margin-top: 30px !important;}\u00bb][vc_row][vc_column][vc_column_text]<a class=\"eModal-2 btn-rojo-full\" href=\"\/\">INF\u00d3RMATE<\/a>[\/vc_column_text][\/vc_column][\/vc_row][\/vc_section][vc_section][vc_row full_width=\u00bbstretch_row_content_no_spaces\u00bb][vc_column][vc_column_text][entradas posts=4][\/vc_column_text][\/vc_column][\/vc_row][\/vc_section]<\/p>\n","protected":false},"excerpt":{"rendered":"<p>[vc_section full_width=&quot;stretch_row&quot; el_class=&quot;cabecera&quot; css=&quot;.vc_custom_1517560370045{background-image: url(https:\/\/www.test.cesramonycajal.com\/wp-content\/uploads\/2018\/02\/bk-eso.png?id=726 !important;background-position: center !important;background-repeat: no-repeat !important;background-size: cover !important;}&quot;][vc_row][vc_column][vc_column_text el_class=&quot;titulo-cabecera&quot;] ESO CONTACTAR &nbsp; Con\u00e9ctate al Mundo [\/vc_column_text][\/vc_column][\/vc_row][\/vc_section][vc_section css=\u00bb.vc_custom_1515956763943{margin-bottom: 60px !important;}\u00bb][vc_row][vc_column][vc_column_text][\/vc_column_text][\/vc_column][\/vc_row][vc_row][vc_column width=\u00bb1\/2&#8243;][vc_column_text] ESO [\/vc_column_text][\/vc_column][vc_column width=\u00bb1\/2&#8243;][vc_column_text] V\u00cdDEO PRESENTACI\u00d3N DEL CURSO [\/vc_column_text][\/vc_column][\/vc_row][vc_row][vc_column width=\u00bb1\/2&#8243;][vc_column_text]La Educaci\u00f3n Secundaria Obligatoria (ESO) es una etapa educativa obligatoria y gratuita que completa la educaci\u00f3n b\u00e1sica. Comprende dos ciclos: el primero, que [&hellip;]<\/p>\n","protected":false},"author":2,"featured_media":0,"parent":0,"menu_order":0,"comment_status":"closed","ping_status":"closed","template":"plantilla-ramonycajal.php","meta":{"_et_pb_use_builder":"","_et_pb_old_content":"","_et_gb_content_width":"","footnotes":""},"class_list":["post-51675","page","type-page","status-publish","hentry"],"_links":{"self":[{"href":"https:\/\/www.test.cesramonycajal.com\/index.php?rest_route=\/wp\/v2\/pages\/51675","targetHints":{"allow":["GET"]}}],"collection":[{"href":"https:\/\/www.test.cesramonycajal.com\/index.php?rest_route=\/wp\/v2\/pages"}],"about":[{"href":"https:\/\/www.test.cesramonycajal.com\/index.php?rest_route=\/wp\/v2\/types\/page"}],"author":[{"embeddable":true,"href":"https:\/\/www.test.cesramonycajal.com\/index.php?rest_route=\/wp\/v2\/users\/2"}],"replies":[{"embeddable":true,"href":"https:\/\/www.test.cesramonycajal.com\/index.php?rest_route=%2Fwp%2Fv2%2Fcomments&post=51675"}],"version-history":[{"count":0,"href":"https:\/\/www.test.cesramonycajal.com\/index.php?rest_route=\/wp\/v2\/pages\/51675\/revisions"}],"wp:attachment":[{"href":"https:\/\/www.test.cesramonycajal.com\/index.php?rest_route=%2Fwp%2Fv2%2Fmedia&parent=51675"}],"curies":[{"name":"wp","href":"https:\/\/api.w.org\/{rel}","templated":true}]}}