{"id":302,"date":"2018-01-16T17:38:26","date_gmt":"2018-01-16T16:38:26","guid":{"rendered":"http:\/\/www.cesramonycajal.com\/?page_id=302"},"modified":"2018-01-16T17:38:26","modified_gmt":"2018-01-16T16:38:26","slug":"faq","status":"publish","type":"page","link":"https:\/\/www.test.cesramonycajal.com\/?page_id=302","title":{"rendered":"Preguntas frecuentes"},"content":{"rendered":"<p>[vc_section full_width=&quot;stretch_row&quot; el_class=&quot;cabecera&quot; css=&quot;.vc_custom_1516120216344{background-image: url(https:\/\/www.test.cesramonycajal.com\/wp-content\/uploads\/2018\/01\/bk-faq.jpg?id=303 !important;background-position: center !important;background-repeat: no-repeat !important;background-size: cover !important;}&quot;][vc_row][vc_column][vc_column_text el_class=&quot;titulo-cabecera&quot;]<\/p>\n<h1>F.A.Q<\/h1>\n<p>Preguntas frecuentes<\/p>\n<p><a class=\"eModal-1 btn-blanco\" href=\"\/\">CONTACTAR<\/a>[\/vc_column_text][\/vc_column][\/vc_row][\/vc_section][vc_section css=\u00bb.vc_custom_1516123800731{padding-top: 60px !important;padding-bottom: 60px !important;}\u00bb][vc_row][vc_column][vc_row_inner][vc_column_inner][vc_column_text css=\u00bb.vc_custom_1521615072673{margin-bottom: 50px !important;border-bottom-width: 2px !important;border-bottom-style: solid !important;}\u00bb]<\/p>\n<h3><strong>\u00bfTe podemos ayudar? Busca aqu\u00ed tu consulta.<\/strong><\/h3>\n<p>[wd_asp id=4][\/vc_column_text][\/vc_column_inner][\/vc_row_inner][vc_tta_accordion shape=\u00bbsquare\u00bb color=\u00bbwhite\u00bb c_position=\u00bbright\u00bb active_section=\u00bb-1&#8243; collapsible_all=\u00bbtrue\u00bb el_class=\u00bbacordeon\u00bb][vc_tta_section title=\u00bb\u00bfQu\u00e9 ciclos se imparten en este Centro?\u00bb tab_id=\u00bb1516120642904-3c9e14ca-08d7&#8243;][vc_column_text]En el siguiente enlace de nuestra web, podr\u00e1s consultar todos los ciclos formativos que se imparten:<\/p>\n<p><a href=\"http:\/\/www.cesramonycajal.com\/index.php\">https:\/\/www.test.cesramonycajal.com\/<\/a>[\/vc_column_text][\/vc_tta_section][vc_tta_section title=\u00bb\u00bfQu\u00e9 ciclos se imparten en Granada y el resto de Andaluc\u00eda? \u00bb tab_id=\u00bb1623315982350-62a70e43-4bd2&#8243;][vc_column_text]La oferta educativa en toda Andaluc\u00eda est\u00e1 p\u00fablica en:<br \/>\n<a href=\"https:\/\/www.juntadeandalucia.es\/educacion\/secretariavirtual\/consulta\/oferta-educativa-formacion-profesional\/\">https:\/\/www.juntadeandalucia.es\/educacion\/portals\/web\/formacion-profesional-andaluza\/oferta-educativa<\/a>[\/vc_column_text][\/vc_tta_section][vc_tta_section title=\u00bb\u00bfPuedo pedir plaza del mismo ciclo en varios centros?\u00bb tab_id=\u00bb1623316021437-b471d602-dd54&#8243;][vc_column_text]Por supuesto. Puedes indicar hasta diez opciones en la misma solicitud. Puede ser el mismo ciclo en distintos centros.<\/p>\n<p><strong>El orden que establezcas expresar\u00e1 tus prioridades.<\/strong>[\/vc_column_text][\/vc_tta_section][vc_tta_section title=\u00bb\u00bfPuedo pedir plaza de varios ciclos y en varios centros? \u00bb tab_id=\u00bb1623316065934-0c71ec22-0dcd\u00bb][vc_column_text]Efectivamente. Puedes indicar hasta diez opciones en la misma solicitud. Puedes indicar ciclos y centros totalmente distintos.<br \/>\n<strong>El orden que establezcas expresar\u00e1 tus prioridades<\/strong>[\/vc_column_text][\/vc_tta_section][vc_tta_section title=\u00bb\u00bfCu\u00e1ntas solicitudes se pueden presentar? \u00bb tab_id=\u00bb1623316082854-31d6fb63-5ea4&#8243;][vc_column_text]S\u00f3lo una solicitud (ya sea de grado medio o de grado superior)<\/p>\n<p>Una vez presentada la solicitud no podr\u00e1s modificar el orden de tus peticiones. En caso de querer modificar dicho orden, tendr\u00e1s que presentar una nueva solicitud de admisi\u00f3n. Se considerar\u00e1 v\u00e1lida la \u00faltima presentada.[\/vc_column_text][\/vc_tta_section][vc_tta_section title=\u00bb\u00bfD\u00f3nde hago la solicitud?\u00bb tab_id=\u00bb1623316160931-ec5b94af-8d84&#8243;][vc_column_text]En la Secretar\u00eda Virtual de la Junta de Andaluc\u00eda. En Solicitudes.<\/p>\n<p><a href=\"https:\/\/www.juntadeandalucia.es\/educacion\/secretariavirtual\/solicitudes\/\">https:\/\/www.juntadeandalucia.es\/educacion\/secretariavirtual\/solicitudes\/<\/a>[\/vc_column_text][\/vc_tta_section][vc_tta_section title=\u00bb\u00bfPara qu\u00e9 sirve la Secretar\u00eda Virtual de la Junta de Andaluc\u00eda?\u00bb tab_id=\u00bb1623316195201-2347b57d-a287&#8243;][vc_column_text]La Secretar\u00eda Virtual de la Junta de Andaluc\u00eda es una web donde se pueden hacer telem\u00e1ticamente, todas las solicitudes referentes a estudios en Andaluc\u00eda, y donde se pueden consultar las listas y ofertas autorizadas.[\/vc_column_text][\/vc_tta_section][vc_tta_section title=\u00bb\u00bfC\u00f3mo conseguir la clave iANDe?\u00bb tab_id=\u00bb1623316229637-b3517b8c-a1ca\u00bb][vc_column_text]Si tiene iPASEN, la clave iANDE se encuentra de manera fija en Comunicaciones. O tambi\u00e9n puede solicitarla (solo mayores de edad) enviando un correo a secretaria@cesramonycajal.com y se la podremos proporcionar[\/vc_column_text][\/vc_tta_section][vc_tta_section title=\u00bb\u00bfQu\u00e9 es una adjudicaci\u00f3n de plaza?\u00bb tab_id=\u00bb1623316251743-d6aa30d1-9c24&#8243;][vc_column_text]Se trata de un proceso inform\u00e1tico centralizado en el que entran todas las solicitudes admitidas en los centros docentes y se adjudican a cada plaza escolar vacante, seg\u00fan los criterios establecidos, atendiendo al estricto orden de la baremaci\u00f3n.[\/vc_column_text][\/vc_tta_section][vc_tta_section title=\u00bb\u00bfCu\u00e1ntos adjudicaciones hay?\u00bb tab_id=\u00bb1623316511512-f873d670-f51f\u00bb][vc_column_text]En total son dos adjudicaciones. Las dos son en julio.[\/vc_column_text][\/vc_tta_section][vc_tta_section title=\u00bb\u00bfSi me dan plaza en la primera opci\u00f3n indicada, puedo reservarla y esperarme a la siguiente? \u00bb tab_id=\u00bb1623316288782-99e5273f-2245&#8243;][vc_column_text]Siempre que te dan plaza, debes hacer matr\u00edcula o reserva. si la plaza obtenida, es de la primera opci\u00f3n que elegiste, la matr\u00edcula es obligatoria. Pero si la plaza que te dan, es en un ciclo de las opci\u00f3n segunda, tercera, &#8230;.etc, puedes reservarla y esperarte a la siguiente.<\/p>\n<p>Si reservas, y en la 2\u00aa adjudicaci\u00f3n, te vuelven a dar otra plaza o la misma, tienes que matricularte obligatoriamente. Ya no hay m\u00e1s adjudicaciones de plaza, pero s\u00ed te quedar\u00e1s en lista de espera. Dicho proceso estar\u00e1 activo desde primeros de septiembre hasta mitad de octubre.[\/vc_column_text][\/vc_tta_section][vc_tta_section title=\u00bb\u00bfCu\u00e1ntas veces puedo reservar plaza?\u00bb tab_id=\u00bb1623316336007-c485b3bf-8999&#8243;][vc_column_text]Solo existe la posibilidad de reservar una vez, y esto es en la 1\u00aa adjudicaci\u00f3n.[\/vc_column_text][\/vc_tta_section][vc_tta_section title=\u00bb\u00bfQu\u00e9 significa matr\u00edcula obligatoria?\u00bb tab_id=\u00bb1623316356816-c60d2a0e-d701&#8243;][vc_column_text]Que te han dado plaza en la primera opci\u00f3n solicitada, y por tanto, es obligatoria, si no, la pierdes. Y no es posible reservarla.[\/vc_column_text][\/vc_tta_section][vc_tta_section title=\u00bb\u00bfTengo que reservar cada vez que sale una adjudicaci\u00f3n?\u00bb tab_id=\u00bb1623316371423-197591e7-abbf\u00bb][vc_column_text]En la 1\u00aa adjudicaci\u00f3n, y siempre que sea en las segundas o posteriores peticiones, s\u00ed has de reservar. Pero en la 2\u00aa adjudicaci\u00f3n la matricula es obligatoria, te den la petici\u00f3n que te den.[\/vc_column_text][\/vc_tta_section][vc_tta_section title=\u00bb\u00bfTengo que ir a la Secretar\u00eda para presentar la solicitud?\u00bb tab_id=\u00bb1623316420249-32bf12c1-3d81&#8243;][vc_column_text]No. Se hace en la Secretar\u00eda Virtual de la Junta de Andaluc\u00eda. Si la haces con clave iANDe o certificado digital, se env\u00eda sola al finalizar el proceso. Si la haces en l\u00ednea, s\u00ed tienes que hacerla llegar a la Secretar\u00eda del Centro. Si el primer centro elegido es Ram\u00f3n y Cajal, puedes enviarla al correo <a href=\"mailto:secretaria@cesramonycajal.com\">secretaria@cesramonycajal.com<\/a>, o bien por carta certificada al Camino del Ca\u00f1averal, n\u00ba 3, 18004-Granada[\/vc_column_text][\/vc_tta_section][vc_tta_section title=\u00bb\u00bfQu\u00e9 documentaci\u00f3n tengo que aportar?\u00bb tab_id=\u00bb1623316637825-ae337c72-2099&#8243;][vc_column_text]Tan solo el certificado acad\u00e9mico con la nota media, del requisito acad\u00e9mico que quieras aportar. Si tus estudios son posteriores al 2008, no hace falta adjuntarlo. Pero si tu requisito acad\u00e9mico lo has obtenido fuera de la Comunidad Aut\u00f3noma de Andaluc\u00eda, s\u00ed debes aportarlo.[\/vc_column_text][\/vc_tta_section][vc_tta_section title=\u00bb\u00bfQu\u00e9 significa Relaci\u00f3n Provisional?\u00bb tab_id=\u00bb1623316655750-58a7f11f-6cd9&#8243;][vc_column_text]La relaci\u00f3n provisional de solicitudes de ciclos sirve para que compruebes si tu solicitud se ha grabado correctamente. No es lista de admitidos ni de adjudicaci\u00f3n de plazas. Ver\u00e1s tus datos y lo que has pedido. Si hay un error tienes que comunicarlo para subsanarlo.[\/vc_column_text][\/vc_tta_section][vc_tta_section title=\u00bb\u00bfSi no reservo la plaza porque esa no me interesa, puedo seguir en espera?\u00bb tab_id=\u00bb1623316699063-42086d64-5d7d\u00bb][vc_column_text]No. Siempre hay que hacer algo cuando te dan plaza. Aunque no te interese, tienes que reservarla para seguir en espera, porque si no, desestimar\u00e1n la solicitud.[\/vc_column_text][\/vc_tta_section][vc_tta_section title=\u00bb\u00bfSi consigo plaza en la segunda adjudicaci\u00f3n, y no es la primera opci\u00f3n, puedo reservarla? \u00bb tab_id=\u00bb1623316749360-e26cf0fc-0024&#8243;][vc_column_text]No. Tienes que matricularte obligatoriamente, sin embargo, con este acto, sigues en la lista de espera.[\/vc_column_text][\/vc_tta_section][vc_tta_section title=\u00bbConsigo plaza en Ram\u00f3n y Cajal, y quiero matricularme: \u00bfTengo que personarme en Secretar\u00eda?\u00bb tab_id=\u00bb1623316773593-fdf81d19-6150&#8243;][vc_column_text]No. En el plazo de matr\u00edcula, entras en la <a href=\"https:\/\/matriculasonline.cesramonycajal.com\/acerca-de-matriculas\/\">https:\/\/matriculasonline.cesramonycajal.com\/acerca-de-matriculas\/<\/a> \u00a0y realizas tu matr\u00edcula online.[\/vc_column_text][\/vc_tta_section][vc_tta_section title=\u00bbConsigo plaza en otro Centro y quiero matricularme: \u00bfTengo que personarme en la Secretar\u00eda de ese Centro?\u00bb tab_id=\u00bb1623316831844-3d2af4a2-562d\u00bb][vc_column_text]S\u00ed. O ponerte en contacto con ese Centro y preguntar c\u00f3mo hacer para reservar o matricularte.[\/vc_column_text][\/vc_tta_section][vc_tta_section title=\u00bb\u00bfC\u00f3mo puedo conseguir el turno de ma\u00f1ana en el Ciclo de Auxiliar de enfermer\u00eda?\u00bb tab_id=\u00bb1623316878342-3e175d6b-6e3c\u00bb][vc_column_text]Esa posibilidad s\u00f3lo se dar\u00e1 en la primera adjudicaci\u00f3n. En cuanto se abra el plazo de matr\u00edcula en la web del Centro, debes entrar y matricularte lo antes posible. Las plazas de la ma\u00f1ana se cubren r\u00e1pidamente. As\u00ed que no te demores y hazla cuanto antes. Siempre se habilita a las 10 de la ma\u00f1ana del primer d\u00eda de matr\u00edcula. Despu\u00e9s, ya no habr\u00e1 posibilidades de cambio de turno. Y, por supuesto que, en las adjudicaciones siguientes las plazas son para la tarde.[\/vc_column_text][\/vc_tta_section][vc_tta_section title=\u00bb\u00bfQu\u00e9 beca puedo solicitar?\u00bb tab_id=\u00bb1623316903816-84f235a2-050c\u00bb][vc_column_text]https:\/\/www.juntadeandalucia.es\/educacion\/portals\/web\/becas-y-ayudas\/portada[\/vc_column_text][\/vc_tta_section][vc_tta_section title=\u00bb\u00bfC\u00f3mo puedo solicitar beca, si a\u00fan no he conseguido plaza y est\u00e1 a punto de acabar el plazo?\u00bb tab_id=\u00bb1623316317640-049baa7c-8daf\u00bb][vc_column_text]En ese caso, tienes que solicitar beca indicando ciclo y centro en el que creas que te vas a matricular. Porque una vez pase el plazo, ya no hay posibilidad de pedirla.[\/vc_column_text][\/vc_tta_section][vc_tta_section title=\u00bbPREGUNTAS FRECUENTES SOBRE LOS CICLOS FORMATIVOS\u00bb tab_id=\u00bb1623316924896-0b73db63-f066&#8243;][vc_column_text]<a href=\"https:\/\/www.juntadeandalucia.es\/educacion\/portals\/web\/escolarizacion\/fp\/oferta-completa\/grado-medio-y-grado-superior\/preguntas-frecuentes\">https:\/\/www.juntadeandalucia.es\/educacion\/portals\/web\/escolarizacion\/fp\/oferta-completa\/grado-medio-y-grado-superior\/preguntas-frecuentes<\/a>[\/vc_column_text][\/vc_tta_section][\/vc_tta_accordion][\/vc_column][\/vc_row][\/vc_section][vc_section full_width=\u00bbstretch_row_content\u00bb][vc_row full_width=\u00bbstretch_row_content_no_spaces\u00bb][vc_column][vc_column_text][entradas][\/vc_column_text][\/vc_column][\/vc_row][\/vc_section]<\/p>\n","protected":false},"excerpt":{"rendered":"<p>[vc_section full_width=&quot;stretch_row&quot; el_class=&quot;cabecera&quot; css=&quot;.vc_custom_1516120216344{background-image: url(https:\/\/www.test.cesramonycajal.com\/wp-content\/uploads\/2018\/01\/bk-faq.jpg?id=303 !important;background-position: center !important;background-repeat: no-repeat !important;background-size: cover !important;}&quot;][vc_row][vc_column][vc_column_text el_class=&quot;titulo-cabecera&quot;] F.A.Q Preguntas frecuentes CONTACTAR[\/vc_column_text][\/vc_column][\/vc_row][\/vc_section][vc_section css=\u00bb.vc_custom_1516123800731{padding-top: 60px !important;padding-bottom: 60px !important;}\u00bb][vc_row][vc_column][vc_row_inner][vc_column_inner][vc_column_text css=\u00bb.vc_custom_1521615072673{margin-bottom: 50px !important;border-bottom-width: 2px !important;border-bottom-style: solid !important;}\u00bb] \u00bfTe podemos ayudar? Busca aqu\u00ed tu consulta. [wd_asp id=4][\/vc_column_text][\/vc_column_inner][\/vc_row_inner][vc_tta_accordion shape=\u00bbsquare\u00bb color=\u00bbwhite\u00bb c_position=\u00bbright\u00bb active_section=\u00bb-1&#8243; collapsible_all=\u00bbtrue\u00bb el_class=\u00bbacordeon\u00bb][vc_tta_section title=\u00bb\u00bfQu\u00e9 ciclos se imparten en este Centro?\u00bb tab_id=\u00bb1516120642904-3c9e14ca-08d7&#8243;][vc_column_text]En el siguiente enlace [&hellip;]<\/p>\n","protected":false},"author":2,"featured_media":0,"parent":0,"menu_order":0,"comment_status":"closed","ping_status":"closed","template":"plantilla-ramonycajal.php","meta":{"_et_pb_use_builder":"","_et_pb_old_content":"","_et_gb_content_width":"","footnotes":""},"class_list":["post-302","page","type-page","status-publish","hentry"],"_links":{"self":[{"href":"https:\/\/www.test.cesramonycajal.com\/index.php?rest_route=\/wp\/v2\/pages\/302","targetHints":{"allow":["GET"]}}],"collection":[{"href":"https:\/\/www.test.cesramonycajal.com\/index.php?rest_route=\/wp\/v2\/pages"}],"about":[{"href":"https:\/\/www.test.cesramonycajal.com\/index.php?rest_route=\/wp\/v2\/types\/page"}],"author":[{"embeddable":true,"href":"https:\/\/www.test.cesramonycajal.com\/index.php?rest_route=\/wp\/v2\/users\/2"}],"replies":[{"embeddable":true,"href":"https:\/\/www.test.cesramonycajal.com\/index.php?rest_route=%2Fwp%2Fv2%2Fcomments&post=302"}],"version-history":[{"count":0,"href":"https:\/\/www.test.cesramonycajal.com\/index.php?rest_route=\/wp\/v2\/pages\/302\/revisions"}],"wp:attachment":[{"href":"https:\/\/www.test.cesramonycajal.com\/index.php?rest_route=%2Fwp%2Fv2%2Fmedia&parent=302"}],"curies":[{"name":"wp","href":"https:\/\/api.w.org\/{rel}","templated":true}]}}