{"id":253,"date":"2018-01-14T18:12:09","date_gmt":"2018-01-14T17:12:09","guid":{"rendered":"http:\/\/www.cesramonycajal.com\/?page_id=253"},"modified":"2026-01-16T13:11:48","modified_gmt":"2026-01-16T12:11:48","slug":"normativa","status":"publish","type":"page","link":"https:\/\/www.test.cesramonycajal.com\/?page_id=253","title":{"rendered":"Normativa"},"content":{"rendered":"<p>[et_pb_section admin_label=\u00bbsection\u00bb]<br \/>\n\t\t\t[et_pb_row admin_label=\u00bbrow\u00bb]<br \/>\n\t\t\t\t[et_pb_column type=\u00bb4_4&#8243;][et_pb_text admin_label=\u00bbText\u00bb][vc_section full_width=&quot;stretch_row&quot; el_class=&quot;cabecera&quot; css=&quot;.vc_custom_1515951571530{background-image: url(https:\/\/www.test.cesramonycajal.com\/wp-content\/uploads\/2018\/01\/bk-normativa.jpg?id=262 !important;background-position: center !important;background-repeat: no-repeat !important;background-size: cover !important;}&quot;][vc_row][vc_column][vc_column_text el_class=&quot;titulo-cabecera&quot;]<\/p>\n<h1>Normativa &#8211; Calidad &#8211; Medio Ambiente<\/h1>\n<p>Cuidamos tu privacidad<\/p>\n<p><a class=\"eModal-1 btn-blanco\" href=\"\/\">CONTACTAR<\/a>[\/vc_column_text][\/vc_column][\/vc_row][\/vc_section][vc_section css=\u00bb.vc_custom_1517302725101{margin-bottom: 60px !important;}\u00bb][vc_row el_class=\u00bbanchor\u00bb][vc_column][\/vc_column][\/vc_row][vc_row][vc_column width=\u00bb1\/3&#8243;][vc_column_text el_class=\u00bbtitulo-35&#8243;]<\/p>\n<h3>Normativa del C.E.S. Ram\u00f3n y Cajal<\/h3>\n<ul>\n<li><a class=\"snap_nopreview\" title=\"Este documento se abre en una ventana aparte \u00bb 176,8 KB\" href=\"https:\/\/www.test.cesramonycajal.com\/wp-content\/uploads\/2019\/10\/REGLAMENTO-DE-ORGANIZACION-Y-FUNCIONAMIENTO.pdf\" target=\"_blank\" rel=\"noopener noreferrer\">Reglamento de Organizaci\u00f3n y Funcionamiento\u00a0(ROF)<\/a><\/li>\n<li><a href=\"https:\/\/www.test.cesramonycajal.com\/wp-content\/uploads\/2018\/10\/PLAN-DE-CONVIVENCIA.pdf\" target=\"_blank\" rel=\"noopener\">Plan de convivencia<\/a><\/li>\n<li><a href=\"https:\/\/www.test.cesramonycajal.com\/wp-content\/uploads\/2022\/09\/Recomendaciones_centros_escolares%2022.23.pdf\" target=\"_blank\" rel=\"noopener noreferrer\">Protocolo COVID-19<\/a>\n<ul>\n<li><a href=\"https:\/\/www.test.cesramonycajal.com\/wp-content\/uploads\/covid\/revision_30_enero.pdf\" target=\"_blank\" rel=\"noopener\" data-saferedirecturl=\"https:\/\/www.google.com\/url?q=https:\/\/www.juntadeandalucia.es\/organismos\/saludyfamilias\/servicios\/actualidad\/noticias\/detalle\/250811.html&amp;source=gmail&amp;ust=1648704676505000&amp;usg=AOvVaw3kBaa0Mc1WT5rnWzAK6LBA\">Anexo Revision 30 enero 2022<\/a><\/li>\n<li><a href=\"https:\/\/www.test.cesramonycajal.com\/wp-content\/uploads\/covid\/instrucciones_mascarilla_2022.pdf\" target=\"_blank\" rel=\"noopener\" data-saferedirecturl=\"https:\/\/www.google.com\/url?q=https:\/\/www.boe.es\/diario_boe\/txt.php?id%3DBOE-A-2022-2176&amp;source=gmail&amp;ust=1648704676505000&amp;usg=AOvVaw2lrC3i9ZO1kesNKlVGl0sd\">Instrucciones Febrero 2022<\/a><\/li>\n<li><a href=\"https:\/\/www.test.cesramonycajal.com\/wp-content\/uploads\/covid\/revision_febrero.pdf\" target=\"_blank\" rel=\"noopener\" data-saferedirecturl=\"https:\/\/www.google.com\/url?q=https:\/\/www.boe.es\/diario_boe\/txt.php?id%3DBOE-A-2022-4917&amp;source=gmail&amp;ust=1648704676505000&amp;usg=AOvVaw24kGAs0wt-PrJO_cLhUZoa\">Instrucciones uso mascarilla 2022<\/a><\/li>\n<li><a href=\"https:\/\/www.test.cesramonycajal.com\/wp-content\/uploads\/covid\/modificacion-junta-20abril.pdf\">Modificaciones 20 de Abril Junta de Andalucia<\/a><\/li>\n<li><a href=\"https:\/\/www.test.cesramonycajal.com\/wp-content\/uploads\/covid\/comunicado-familias.pdf\">Comunicado familias<\/a><\/li>\n<\/ul>\n<\/li>\n<\/ul>\n<p>[\/vc_column_text][\/vc_column][vc_column width=\u00bb1\/3&#8243;][vc_column_text el_class=\u00bbtitulo-35&#8243;]<\/p>\n<h3>Normativa andaluza<\/h3>\n<ul>\n<li><a href=\"https:\/\/www.test.cesramonycajal.com\/wp-content\/uploads\/2018\/09\/LEA.pdf\">Ley 17\/2007, de 10 de diciembre, de Educaci\u00f3n de Andaluc\u00eda.<\/a><\/li>\n<li><a href=\"https:\/\/www.test.cesramonycajal.com\/wp-content\/uploads\/2018\/09\/ROC.pdf\">Decreto 327\/2010, de 13 de julio, por el que se aprueba el Reglamento Org\u00e1nico de los Institutos de Educaci\u00f3n Secundaria (ROC)<\/a><\/li>\n<li><a href=\"https:\/\/www.test.cesramonycajal.com\/wp-content\/uploads\/2018\/09\/ORDEN-CURRICULUM-ESO.pdf\">Orden de 14 de julio de 2016, por la que se desarrolla el curr\u00edculo correspondiente a la educaci\u00f3n Secundaria Obligatoria en la Comunidad Aut\u00f3noma de Andaluc\u00eda.<\/a><\/li>\n<li><a href=\"https:\/\/www.test.cesramonycajal.com\/wp-content\/uploads\/2018\/09\/ORDEN-CURRICULUM-BACHILLERATO.pdf\">Orden de 14 de julio de 2016, por la que se desarrolla el curr\u00edculo correspondiente al Bachillerato en la Comunidad Aut\u00f3noma de Andaluc\u00eda.\u00a0<\/a><\/li>\n<li><a href=\"https:\/\/www.test.cesramonycajal.com\/wp-content\/uploads\/2018\/09\/ORDEN-EVALUACION-FPI.pdf\">\u00a0ORDEN de 29 de septiembre de 2010, por la que se regula la evaluaci\u00f3n, certificaci\u00f3n, acreditaci\u00f3n y titulaci\u00f3n acad\u00e9mica de ense\u00f1anzas de formaci\u00f3n profesional inicial que forma parte del sistema educativo en la Comunidad Aut\u00f3noma de Andaluc\u00eda.<\/a><\/li>\n<li><a href=\"http:\/\/www.juntadeandalucia.es\/educacion\/portals\/web\/ced\">Portal de la Consejer\u00eda de Educaci\u00f3n de la Junta de Andalucia.<\/a><\/li>\n<\/ul>\n<p>[\/vc_column_text][\/vc_column][vc_column width=\u00bb1\/3&#8243;][vc_column_text el_class=\u00bbtitulo-35&#8243;]<\/p>\n<h3>Normativa espa\u00f1ola<\/h3>\n<ul>\n<li><a href=\"https:\/\/www.test.cesramonycajal.com\/wp-content\/uploads\/2018\/09\/LODE.pdf\">Ley Org\u00e1nica 8\/1985, de 3 de julio, reguladora del Derecho a la Educaci\u00f3n (LODE)<\/a><\/li>\n<li><a href=\"https:\/\/www.test.cesramonycajal.com\/wp-content\/uploads\/2018\/09\/LOE.pdf\">Ley Org\u00e1nica 2\/2006, de 3 de mayo, de Educaci\u00f3n (LOE)<\/a><\/li>\n<li><a href=\"https:\/\/www.test.cesramonycajal.com\/wp-content\/uploads\/2018\/09\/LOMCE.pdf\">Ley Org\u00e1nica 8\/2013, de 9 de diciembre, para la mejora de la calidad educativa (LOMCE)<\/a><\/li>\n<li><a href=\"http:\/\/todofp.es\/inicio.html\">Portal\u00a0<b>\u00abTodo FP\u00bb<\/b>. Ministerio de Eduaci\u00f3n y Formaci\u00f3n Profesional<\/a><\/li>\n<\/ul>\n<p>[\/vc_column_text][\/vc_column][\/vc_row][vc_row disable_element=\u00bbyes\u00bb][vc_column][vc_column_text el_class=\u00bbtitulo-35&#8243;]<\/p>\n<h2>Normativa del C.E.S Ram\u00f3n y Cajal<\/h2>\n<p>[\/vc_column_text][vc_tta_tour color=\u00bbwhite\u00bb spacing=\u00bb\u00bb active_section=\u00bb1&#8243; el_class=\u00bbbloque-pestanas\u00bb][vc_tta_section title=\u00bbNormas de convivencia\u00bb tab_id=\u00bb1519978628447-97ae06e5-f678&#8243; el_class=\u00bbpestana\u00bb][vc_column_text el_class=\u00bbcont-pestana\u00bb]En ella podr\u00e1s encontrar informaci\u00f3n relacionada con la actividad educativa desarrollada en mismo.<\/p>\n<p>Si eres alumno de este departamento, puedes tener acceso a zona restringida para alumnos en la que encontrar\u00e1s informaci\u00f3n espec\u00edfica para t\u00ed, descargas para alumnos, etc.<\/p>\n<p>Para tener acceso a la zona restringida de alumnos debes pedir usuario y contrase\u00f1a a cualquier profesor del Dpto.[\/vc_column_text][\/vc_tta_section][vc_tta_section title=\u00bbDerechos y deberes de los alumnos\u00bb tab_id=\u00bb1519978628518-cb6ee85d-3db4&#8243; el_class=\u00bbpestana\u00bb][vc_column_text el_class=\u00bbcont-pestana\u00bb]En ella podr\u00e1s encontrar informaci\u00f3n relacionada con la actividad educativa desarrollada en mismo.<\/p>\n<p>Si eres alumno de este departamento, puedes tener acceso a zona restringida para alumnos en la que encontrar\u00e1s informaci\u00f3n espec\u00edfica para t\u00ed, descargas para alumnos, etc.<\/p>\n<p>Para tener acceso a la zona restringida de alumnos debes pedir usuario y contrase\u00f1a a cualquier profesor del Dpto.[\/vc_column_text][\/vc_tta_section][vc_tta_section title=\u00bbAsistencia a clase\u00bb tab_id=\u00bb1519978628582-d7677d71-71f2&#8243; el_class=\u00bbpestana\u00bb][vc_column_text el_class=\u00bbcont-pestana\u00bb]En ella podr\u00e1s encontrar informaci\u00f3n relacionada con la actividad educativa desarrollada en mismo.<\/p>\n<p>Si eres alumno de este departamento, puedes tener acceso a zona restringida para alumnos en la que encontrar\u00e1s informaci\u00f3n espec\u00edfica para t\u00ed, descargas para alumnos, etc.<\/p>\n<p>Para tener acceso a la zona restringida de alumnos debes pedir usuario y contrase\u00f1a a cualquier profesor del Dpto.[\/vc_column_text][\/vc_tta_section][vc_tta_section title=\u00bbReglamentos de organizaci\u00f3n\u00bb tab_id=\u00bb1519978628653-c9ff4056-5006&#8243; el_class=\u00bbpestana\u00bb][vc_column_text el_class=\u00bbcont-pestana\u00bb]En ella podr\u00e1s encontrar informaci\u00f3n relacionada con la actividad educativa desarrollada en mismo.<\/p>\n<p>Si eres alumno de este departamento, puedes tener acceso a zona restringida para alumnos en la que encontrar\u00e1s informaci\u00f3n espec\u00edfica para t\u00ed, descargas para alumnos, etc.<\/p>\n<p>Para tener acceso a la zona restringida de alumnos debes pedir usuario y contrase\u00f1a a cualquier profesor del Dpto.[\/vc_column_text][\/vc_tta_section][\/vc_tta_tour][\/vc_column][\/vc_row][\/vc_section][vc_section css=\u00bb.vc_custom_1517302741005{margin-bottom: 60px !important;}\u00bb][vc_row el_class=\u00bbanchor\u00bb el_id=\u00bbseccion-medio-ambiente\u00bb][vc_column][\/vc_column][\/vc_row][vc_row][vc_column][vc_column_text el_class=\u00bbtitulo-35&#8243;]<\/p>\n<h2>Medio Ambiente<\/h2>\n<p>[\/vc_column_text][vc_tta_tour color=\u00bbwhite\u00bb spacing=\u00bb\u00bb active_section=\u00bb2&#8243; el_class=\u00bbbloque-pestanas\u00bb][vc_tta_section title=\u00bbPol\u00edtica Medioambiental\u00bb tab_id=\u00bbpolitica-medioambiental\u00bb el_class=\u00bbpestana\u00bb][vc_column_text el_class=\u00bbcont-pestana\u00bb]<\/p>\n<p style=\"text-align: center;\">[pdf-embedder url=&quot;https:\/\/www.test.cesramonycajal.com\/wp-content\/uploads\/2022\/05\/Politicamedioambiental.pdf%22]<\/p>\n<p>[\/vc_column_text][\/vc_tta_section][vc_tta_section title=&quot;Gu\u00eda de buenas pr\u00e1cticas&quot; tab_id=&quot;guia-de-buenas-practicas&quot; el_class=&quot;pestana&quot;][vc_column_text el_class=&quot;cont-pestana&quot;][pdf-embedder url=&quot;https:\/\/www.test.cesramonycajal.com\/wp-content\/uploads\/2022\/05\/GuiadeBuenasPracticasAmbientales.pdf%22][\/vc_column_text][\/vc_tta_section][vc_tta_section title=&quot;Campa\u00f1as medioambientales 2021-2022&quot; tab_id=&quot;1515952469568-29242ca2-269e&quot; el_class=&quot;pestana&quot;][vc_column_text][pdf-embedder url=&quot;https:\/\/www.test.cesramonycajal.com\/wp-content\/uploads\/2022\/06\/Objetivos-medioambientales.pdf%22][\/vc_column_text][\/vc_tta_section][vc_tta_section title=&quot;Punto Verde&quot; tab_id=&quot;1515952469629-6a1f39b1-a7b2&quot; el_class=&quot;pestana&quot;][vc_column_text el_class=&quot;cont-pestana&quot;]Nuestro centro dispone de un punto verde de reciclaje ubicado en la Secretar\u00eda.<\/p>\n<p>En \u00e9l se pueden encontrar los siguientes contenedores para uso de todo el alumnado:<\/p>\n<p>&#8211; Contenedor de pilas<\/p>\n<p>&#8211; Contenedor de m\u00f3viles y cargadores, colaborando con la FUNDACI\u00d3N TRAGAMOVIL.<\/p>\n<p>&#8211; Contenedor de cartuchos de tinta de impresora y de t\u00f3ner.<\/p>\n<p>En la zona de la fotocopiadora tenemos, adem\u00e1s, un contenedor de papel (azul) y otro de envases (amarillo).<\/p>\n<p>Distribuidos por todo el centro hay tambi\u00e9n, contenedores de papel.<\/p>\n<p><img decoding=\"async\" class=\"aligncenter size-large wp-image-2976\" src=\"https:\/\/www.test.cesramonycajal.com\/wp-content\/uploads\/2018\/10\/IMG_20181018_134201-700x933.jpg\" alt=\"\" \/>[\/vc_column_text][\/vc_tta_section][vc_tta_section title=\u00bbDirecciones de Punto Limpio en Granada\u00bb tab_id=\u00bb1519978979594-2877472e-0b25&#8243; el_class=\u00bbpestana\u00bb][vc_column_text el_class=\u00bbcont-pestana\u00bb]<\/p>\n<table class=\"table table-condensed\">\n<thead>\n<tr class=\"success\">\n<th>PUNTO LIMPIO<\/th>\n<th>GRANADA<\/th>\n<th>GUADIX<\/th>\n<th>MOTRIL<\/th>\n<th>SANTA FE<\/th>\n<\/tr>\n<\/thead>\n<tbody>\n<tr>\n<td>DIRECCI\u00d3N<\/td>\n<td>Pol\u00edgono El Flor\u00edo<\/td>\n<td>P.I.La Marcova<\/td>\n<td>C\/ Ronda de los \u00c1lamos, s\/n<\/td>\n<td>P.I. Dos de mayo<\/td>\n<\/tr>\n<tr>\n<td>TEL\u00c9FONO<\/td>\n<td>958806989<\/td>\n<td>618935841 &#8211; 958 66 93 00 (Ayto.)<\/td>\n<td>958607625<\/td>\n<td>958440000 &#8211; 958 44 00 00 (Ayto.)<\/td>\n<\/tr>\n<tr>\n<td>HORARIO<\/td>\n<td>M-S: 9:00-20:00 y D:9:00-15:00<\/td>\n<td>L-S:17:00-20:00<\/td>\n<td>L-S:9:00-13:00 y 15:00-18:00, D: 9:00-13:00<\/td>\n<td>X-D: 10:00-14:00 y 17:00-19:00<\/td>\n<\/tr>\n<tr>\n<td rowspan=\"24\">RESIDUOS ADMITIDOS<\/td>\n<td>Aceite Vegetal<\/td>\n<td>Aceite Vegetal<\/td>\n<td>Aceite Vegetal<\/td>\n<td>Aceite Vegetal<\/td>\n<\/tr>\n<tr>\n<td>Chatarra y enseres<\/td>\n<td>Chatarra y enseres<\/td>\n<td>Chatarra y enseres<\/td>\n<td>Chatarra y enseres<\/td>\n<\/tr>\n<tr>\n<td>Colchones<\/td>\n<td>Colchones<\/td>\n<td>Colchones<\/td>\n<td>Envases<\/td>\n<\/tr>\n<tr>\n<td>Escombros<\/td>\n<td>Envases<\/td>\n<td>Escombros<\/td>\n<td>Escombros<\/td>\n<\/tr>\n<tr>\n<td>Fluorescentes<\/td>\n<td>Escombros<\/td>\n<td>Fluorescentes<\/td>\n<td>Fluorescentes<\/td>\n<\/tr>\n<tr>\n<td>Madera<\/td>\n<td>Fluorescentes<\/td>\n<td>Madera<\/td>\n<td>Madera<\/td>\n<\/tr>\n<tr>\n<td>Neum\u00e1ticos<\/td>\n<td>Papel \/ cart\u00f3n<\/td>\n<td>Papel \/ cart\u00f3n<\/td>\n<td>Papel \/ cart\u00f3n<\/td>\n<\/tr>\n<tr>\n<td>Papel \/ cart\u00f3n<\/td>\n<td>Pilas<\/td>\n<td>Pl\u00e1sticos<\/td>\n<td>Pilas<\/td>\n<\/tr>\n<tr>\n<td>Pilas<\/td>\n<td>Radiograf\u00edas<\/td>\n<td>RAEE (l\u00ednea blanca)<\/td>\n<td>Radiograf\u00edas<\/td>\n<\/tr>\n<tr>\n<td>Pl\u00e1sticos<\/td>\n<td>RAEE (l\u00ednea blanca)<\/td>\n<td>Restos de poda<\/td>\n<td>RAEE (l\u00ednea blanca)<\/td>\n<\/tr>\n<tr>\n<td>RAEE (l\u00ednea blanca)<\/td>\n<td>Restos de poda<\/td>\n<td>Textiles<\/td>\n<td>Restos de poda<\/td>\n<\/tr>\n<tr>\n<td>Restos de poda<\/td>\n<td>Textiles<\/td>\n<td>Vidrio<\/td>\n<td>Textiles<\/td>\n<\/tr>\n<tr>\n<td>Textiles<\/td>\n<td>Vidrio<\/td>\n<td>Aceites Minerales<\/td>\n<td>T\u00f3ner, tinta<\/td>\n<\/tr>\n<tr>\n<td>T\u00f3ner, tinta<\/td>\n<td>Aceites Minerales<\/td>\n<td>Aerosoles<\/td>\n<td>Vidrio<\/td>\n<\/tr>\n<tr>\n<td>Vidrio<\/td>\n<td>Bater\u00edas<\/td>\n<td>Bater\u00edas<\/td>\n<td>Aceites Minerales<\/td>\n<\/tr>\n<tr>\n<td>Aceites Minerales<\/td>\n<td>Disolventes<\/td>\n<td>Disolventes<\/td>\n<td>Aerosoles<\/td>\n<\/tr>\n<tr>\n<td>Bater\u00edas<\/td>\n<td>Envases Met\u00e1licos<\/td>\n<td>Envases fitosanitarios<\/td>\n<td>Bater\u00edas<\/td>\n<\/tr>\n<tr>\n<td>Disolventes<\/td>\n<td>Envases Pl\u00e1sticos<\/td>\n<td>Envases Met\u00e1licos<\/td>\n<td>Disolventes<\/td>\n<\/tr>\n<tr>\n<td>Envases Met\u00e1licos<\/td>\n<td>Pinturas y Barnices<\/td>\n<td>Envases Pl\u00e1sticos<\/td>\n<td>Envases Met\u00e1licos<\/td>\n<\/tr>\n<tr>\n<td>Filtros de Aceite<\/td>\n<td><\/td>\n<td>Filtros de Aceite<\/td>\n<td>Envases Pl\u00e1sticos<\/td>\n<\/tr>\n<tr>\n<td>Pinturas y Barnices<\/td>\n<td><\/td>\n<td>Material Fotogr\u00e1fico<\/td>\n<td>L\u00e1mparas de mercurio<\/td>\n<\/tr>\n<tr>\n<td><\/td>\n<td><\/td>\n<td>Pilas bot\u00f3n<\/td>\n<td>Material Fotogr\u00e1fico<\/td>\n<\/tr>\n<tr>\n<td><\/td>\n<td><\/td>\n<td><\/td>\n<td>Pilas bot\u00f3n<\/td>\n<\/tr>\n<tr>\n<td><\/td>\n<td><\/td>\n<td><\/td>\n<td>Pinturas y Barnices<\/td>\n<\/tr>\n<\/tbody>\n<\/table>\n<p>[\/vc_column_text][\/vc_tta_section][vc_tta_section title=\u00bbCertificados\u00bb tab_id=\u00bbcertificados\u00bb][vc_column_text]<\/p>\n<h3>Certificado 14001<\/h3>\n<p>[pdf-embedder url=&quot;https:\/\/www.test.cesramonycajal.com\/wp-content\/uploads\/2022\/06\/CERTIFICADO-2021-14001-Tear.pdf%22]<\/p>\n<h3>Certificados 9001<\/h3>\n<p>[pdf-embedder url=&quot;https:\/\/www.test.cesramonycajal.com\/wp-content\/uploads\/2022\/06\/CERTIFICADO-2022-9001-Tear.pdf%22][\/vc_column_text][\/vc_tta_section][\/vc_tta_tour][\/vc_column][\/vc_row][\/vc_section][vc_section css=&quot;.vc_custom_1517302745795{margin-bottom: 60px !important;}&quot;][vc_row el_class=&quot;anchor&quot; el_id=&quot;seccion-calidad&quot;][vc_column][\/vc_column][\/vc_row][vc_row][vc_column][vc_column_text el_class=&quot;titulo-35&quot;]<\/p>\n<h2>Calidad<\/h2>\n<p>[\/vc_column_text][vc_tta_tour color=\u00bbwhite\u00bb spacing=\u00bb\u00bb active_section=\u00bb2&#8243; el_class=\u00bbbloque-pestanas\u00bb][vc_tta_section title=\u00bbIntroducci\u00f3n\u00bb tab_id=\u00bbcalidad-introduccion\u00bb el_class=\u00bbpestana\u00bb][vc_column_text el_class=\u00bbcont-pestana\u00bb]El CES Ram\u00f3n y Cajal\u00a0 es un centro de ense\u00f1anza propiedad de la cooperativa TEAR S.C.A., que est\u00e1 formada por profesionales de la ense\u00f1anza.<\/p>\n<p>&nbsp;<\/p>\n<p>En el CES Ram\u00f3n y Cajal se imparte educaci\u00f3n reglada y no reglada.<\/p>\n<p>&nbsp;<\/p>\n<p>En la reglada, impartimos los siguientes niveles<\/p>\n<p>&nbsp;<\/p>\n<ul>\n<li>Secundaria<\/li>\n<li>Bachillerato<\/li>\n<li>Ciclos formativos de grado medio<\/li>\n<li>Ciclos formativos de grado superior. Los ciclos de Administraci\u00f3n y Finanzas y Educaci\u00f3n Infantil, se imparten en presencial y tambi\u00e9n en modalidad a distancia.<\/li>\n<li>FPB<\/li>\n<\/ul>\n<p>&nbsp;<\/p>\n<p>En la formaci\u00f3n no reglada impartimos diferentes cursos; algunos de ellos de forma privada, como la preparaci\u00f3n de las pruebas de acceso a grado superior (subvencionados por nuestra AMYPA); y otros, como los de formaci\u00f3n para el empleo (antigua formaci\u00f3n ocupacional).<\/p>\n<p>&nbsp;<\/p>\n<p>Nuestro centro pertenece a\u00a0\u00a0<a href=\"http:\/\/www.aces-andalucia.org\/\" target=\"_blank\" rel=\"noopener noreferrer\">ACES<\/a>, que es la asociaci\u00f3n andaluza de centros de ense\u00f1anza de econom\u00eda social, en la que todos sus miembros son cooperativas de ense\u00f1anza, y la mayor\u00eda de ellos comparten el mismo modelo de calidad, respetando no obstante, las caracter\u00edsticas propias de cada centro.<\/p>\n<p>&nbsp;<\/p>\n<p>Pretendemos, tal como recoge nuestro Proyecto Educativo, educar en valores a nuestros alumnos, sin descuidar la continua actualizaci\u00f3n de nuestro sistema educativo para<strong>\u00a0prepararles ampliamente de cara a su inserci\u00f3n laboral futura<\/strong>.<\/p>\n<p>&nbsp;<\/p>\n<p>Nuestra sociedad cooperativa tiene como modelo los\u00a0<strong>principios de la econom\u00eda social<\/strong>, que son los siguientes:<\/p>\n<p>&nbsp;<\/p>\n<ul>\n<li><strong>Valoraci\u00f3n de las personas por encima del capital.<\/strong><\/li>\n<li><strong>Democracia y participaci\u00f3n.<\/strong><\/li>\n<li><strong>Solidaridad.<\/strong><\/li>\n<li><strong>Responsabilidad en la participaci\u00f3n y contribuci\u00f3n de los socios en la gesti\u00f3n profesional.<\/strong><\/li>\n<li><strong>Rentabilidad y eficacia empresarial.<\/strong><\/li>\n<li><strong>Reparto de resultados de forma equilibrada.<\/strong><\/li>\n<\/ul>\n<p>&nbsp;<\/p>\n<p>Desde el a\u00f1o 2005, estamos comprometidos con el\u00a0Sistema de Gesti\u00f3n de la Calidad expuesto en la norma UNE-EN-ISO 9001 (productos y servicios)\u00a0 y en la UNE-EN-ISO 14001 (medioambiental).<\/p>\n<p>&nbsp;<\/p>\n<p>Por tanto\u00a0nos comprometemos\u00a0a:<\/p>\n<p>&nbsp;<\/p>\n<ul>\n<li>Definir, documentar e implantar un Sistema de Calidad\u00a0 y Medio Ambiente incluyendo sus compromisos en materia de Calidad, Gesti\u00f3n Ambiental y Mejora Continua.<\/li>\n<li>Y con respecto al\u00a0<a href=\"https:\/\/www.test.cesramonycajal.com\/index.php\/medioambiente\" target=\"_self\" rel=\"noopener noreferrer\">medioambiente<\/a>, nos comprometemos a adoptar la gu\u00eda de \u201cBuenas Pr\u00e1cticas Ambientales y Energ\u00e9ticas\u201d propuesta por ACES con el objetivo de poner a disposici\u00f3n de nuestros clientes y su entorno familiar, toda la informaci\u00f3n ambiental necesaria para adoptar pautas de conducta m\u00e1s sostenibles en las actividades de su vida cotidiana y que entiendan que el desarrollo, la innovaci\u00f3n y el progreso son perfectamente compatibles con el respeto al entorno que nos rodea.<\/li>\n<\/ul>\n<p>[\/vc_column_text][\/vc_tta_section][vc_tta_section title=\u00bbPol\u00edtica de Calidad\u00bb tab_id=\u00bbcalidad-politicadecalidad\u00bb el_class=\u00bbpestana\u00bb][vc_column_text el_class=\u00bbcont-pestana\u00bb]El CES. Ram\u00f3n y Cajal \/TEAR S.C.A. asume la pol\u00edtica de calidad como un recurso que le permita plantear \u00e1reas de mejora en el desempe\u00f1o de su actividad en la prestaci\u00f3n de servicios a la comunidad a la que se dirige y la consecuci\u00f3n de la satisfacci\u00f3n de sus clientes. Para ello define su pol\u00edtica de calidad en tres apartados concretos denominados: MISI\u00d3N, VISI\u00d3N Y ESTRATEGIAS.<\/p>\n<ol>\n<li><strong>MISI\u00d3N<\/strong><br \/>\nEducar, ense\u00f1ar y formar desde la diversidad personas \u00edntegras, aut\u00f3nomas y solidarias con sentido cr\u00edtico y actitud transformadora, desde un proyecto empresarial cooperativo con la implicaci\u00f3n de toda la comunidad educativa.<\/li>\n<li><strong>VISI\u00d3N<\/strong>\n<ul>\n<li>\u201cImpulsar una cultura de calidad, la innovaci\u00f3n y la eficacia.\u201d<\/li>\n<li>\u201cPromover una estrategia orientada a la mejora de la calidad\u201d<\/li>\n<li>\u201cDesarrollar una gesti\u00f3n eficaz de los recursos existentes.\u201d<\/li>\n<li>\u201cPotenciar nuestra metodolog\u00eda educativa con vistas a mejorar la formaci\u00f3n e inserci\u00f3n laboral del alumnado.\u201d<\/li>\n<li>\u201cMejorar e intensificar la comunicaci\u00f3n entre todos los miembros de la Comunidad Educativa\u201d<\/li>\n<li>\u201cImplicar a toda la Comunidad Educativa en la consecuci\u00f3n de unos resultados satisfactorios\u201d<\/li>\n<\/ul>\n<\/li>\n<li><strong>ESTRATEGIAS<\/strong>\n<ul>\n<li>\u201cImpulsar una cultura de calidad, la innovaci\u00f3n y la eficacia.\u201d<\/li>\n<li>\u201cMejorar e intensificar la comunicaci\u00f3n entre todos los miembros de la Comunidad Educativa\u201d<\/li>\n<li>\u201cDesarrollar una gesti\u00f3n eficaz de los recursos existentes.\u201d<\/li>\n<\/ul>\n<\/li>\n<\/ol>\n<p>[\/vc_column_text][\/vc_tta_section][vc_tta_section title=\u00bbDec\u00e1logo de los Centros ACES\u00bb tab_id=\u00bb1681382987627-b848b4a0-5c66&#8243; el_class=\u00bbpestana\u00bb][vc_single_image image=\u00bb25711&#8243; img_size=\u00bbfull\u00bb alignment=\u00bbcenter\u00bb][\/vc_tta_section][\/vc_tta_tour][\/vc_column][\/vc_row][vc_row][vc_column][vc_column_text el_class=\u00bbtitulo-35&#8243;]<\/p>\n<h2>Sostenibilidad<\/h2>\n<p>[\/vc_column_text][vc_tta_tour color=\u00bbwhite\u00bb spacing=\u00bb\u00bb active_section=\u00bb1&#8243; el_class=\u00bbbloque-pestanas\u00bb][vc_tta_section title=\u00bbSostenibilidad C\u00e1mara\u00bb tab_id=\u00bb1677238751277-2c5534e0-4a13&#8243;][vc_column_text]<\/p>\n<table style=\"border-collapse: collapse; width: 101.301%; height: 135px;\">\n<tbody>\n<tr style=\"height: 205px;\">\n<td style=\"width: 21.6011%; height: 135px; text-align: left;\"><img loading=\"lazy\" decoding=\"async\" class=\"aligncenter wp-image-25294 size-thumbnail\" src=\"https:\/\/www.test.cesramonycajal.com\/wp-content\/uploads\/2023\/02\/logo-europa-150x150.png\" alt=\"\" width=\"150\" height=\"150\" srcset=\"https:\/\/www.test.cesramonycajal.com\/wp-content\/uploads\/2023\/02\/logo-europa-150x150.png 150w, https:\/\/www.test.cesramonycajal.com\/wp-content\/uploads\/2023\/02\/logo-europa.png 225w\" sizes=\"(max-width: 150px) 100vw, 150px\" \/><\/td>\n<td style=\"width: 78.3989%; height: 135px; text-align: left;\"><span style=\"font-size: 14px;\">\u201c<strong>CENTRO DE ESTUDIOS TECNICOS Y ARTISTICOS TEAR SDAD COOP AND<\/strong> ha sido beneficiaria del <strong><span style=\"text-decoration: underline;\"><a href=\"https:\/\/www.test.cesramonycajal.com\/wp-content\/uploads\/2023\/02\/Sostenibilidad-Camara.pdf\">Fondo Europeo de Desarrollo Regional<\/a><\/span><\/strong> cuyo objetivo es Potenciar la investigaci\u00f3n, el desarrollo tecnol\u00f3gico y la innovaci\u00f3n, y gracias al que ha realizado el proyecto de <strong>Plan Social de responsabilidad Corporativa (22\/2\/2023)<\/strong> para apoyar la creaci\u00f3n y consolidaci\u00f3n de empresas innovadoras. Para ello ha contado con el apoyo del Programa de sostenibilidad de la C\u00e1mara de Comercio de Granada.\u201d<\/span><\/p>\n<p><span style=\"font-size: 14px;\">Fondo Europeo de Desarrollo Regional\u00a0 \u00a0 \u00a0 \u00a0 \u00a0 \u00a0 \u00a0 \u00a0 \u00a0 \u00a0 \u00a0 \u00a0 \u00a0 \u00a0 \u00a0 \u00a0 \u00a0 \u00a0 \u00a0 \u00a0 \u00a0 \u00a0 \u00a0 \u00a0 \u00a0 \u00a0 \u00a0 \u00a0 \u00a0 \u00a0 \u00a0 \u00a0 \u00a0 \u00a0 \u00a0 \u00a0 \u00a0 <span style=\"color: #3366ff;\">Una Manera de Hacer Europa<\/span><\/span><\/td>\n<\/tr>\n<\/tbody>\n<\/table>\n<p>[\/vc_column_text][\/vc_tta_section][vc_tta_section title=\u00bbResponsabilidad Social Corporativa TEAR\u00bb tab_id=\u00bb1681382901093-2a3b2a72-3aee\u00bb][vc_column_text]<\/p>\n<p style=\"text-align: center;\">[pdf-embedder url=&quot;https:\/\/www.test.cesramonycajal.com\/wp-content\/uploads\/2023\/04\/Memoria-RSC-TEAR-2023.pdf%22]<\/p>\n<p>[\/vc_column_text][\/vc_tta_section][\/vc_tta_tour][\/vc_column][\/vc_row][\/vc_section][vc_section full_width=\u00bbstretch_row_content\u00bb][vc_row full_width=\u00bbstretch_row_content_no_spaces\u00bb][vc_column][vc_column_text][entradas][\/vc_column_text][\/vc_column][\/vc_row][\/vc_section][\/et_pb_text][\/et_pb_column]<br \/>\n\t\t\t[\/et_pb_row]<br \/>\n\t\t[\/et_pb_section]<\/p>\n","protected":false},"excerpt":{"rendered":"<p>[vc_section full_width=&quot;stretch_row&quot; el_class=&quot;cabecera&quot; css=&quot;.vc_custom_1515951571530{background-image: url(https:\/\/www.test.cesramonycajal.com\/wp-content\/uploads\/2018\/01\/bk-normativa.jpg?id=262 !important;background-position: center !important;background-repeat: no-repeat !important;background-size: cover !important;}&quot;][vc_row][vc_column][vc_column_text el_class=&quot;titulo-cabecera&quot;] Normativa &#8211; Calidad &#8211; Medio Ambiente Cuidamos tu privacidad CONTACTAR[\/vc_column_text][\/vc_column][\/vc_row][\/vc_section][vc_section css=\u00bb.vc_custom_1517302725101{margin-bottom: 60px !important;}\u00bb][vc_row el_class=\u00bbanchor\u00bb][vc_column][\/vc_column][\/vc_row][vc_row][vc_column width=\u00bb1\/3&#8243;][vc_column_text el_class=\u00bbtitulo-35&#8243;] Normativa del C.E.S. Ram\u00f3n y Cajal Reglamento de Organizaci\u00f3n y Funcionamiento\u00a0(ROF) Plan de convivencia Protocolo COVID-19 Anexo Revision 30 enero 2022 Instrucciones Febrero 2022 Instrucciones uso [&hellip;]<\/p>\n","protected":false},"author":2,"featured_media":0,"parent":0,"menu_order":0,"comment_status":"closed","ping_status":"closed","template":"","meta":{"_et_pb_use_builder":"on","_et_pb_old_content":"[vc_section full_width=&quot;stretch_row&quot; el_class=&quot;cabecera&quot; css=&quot;.vc_custom_1515951571530{background-image: url(https:\/\/www.test.cesramonycajal.com\/wp-content\/uploads\/2018\/01\/bk-normativa.jpg?id=262 !important;background-position: center !important;background-repeat: no-repeat !important;background-size: cover !important;}&quot;][vc_row][vc_column][vc_column_text el_class=&quot;titulo-cabecera&quot;]\n<h1>Normativa - Calidad - Medio Ambiente<\/h1>\nCuidamos tu privacidad\n\n<a class=\"eModal-1 btn-blanco\" href=\"\/\">CONTACTAR<\/a>[\/vc_column_text][\/vc_column][\/vc_row][\/vc_section][vc_section css=\".vc_custom_1517302725101{margin-bottom: 60px !important;}\"][vc_row el_class=\"anchor\"][vc_column][\/vc_column][\/vc_row][vc_row][vc_column width=\"1\/3\"][vc_column_text el_class=\"titulo-35\"]\n<h3>Normativa del C.E.S. Ram\u00f3n y Cajal<\/h3>\n<ul>\n \t<li><a class=\"snap_nopreview\" title=\"Este documento se abre en una ventana aparte \u00bb 176,8 KB\" href=\"https:\/\/www.test.cesramonycajal.com\/wp-content\/uploads\/2019\/10\/REGLAMENTO-DE-ORGANIZACION-Y-FUNCIONAMIENTO.pdf\" target=\"_blank\" rel=\"noopener noreferrer\">Reglamento de Organizaci\u00f3n y Funcionamiento\u00a0(ROF)<\/a><\/li>\n \t<li><a href=\"https:\/\/www.test.cesramonycajal.com\/wp-content\/uploads\/2018\/10\/PLAN-DE-CONVIVENCIA.pdf\" target=\"_blank\" rel=\"noopener\">Plan de convivencia<\/a><\/li>\n \t<li><a href=\"https:\/\/www.test.cesramonycajal.com\/wp-content\/uploads\/2022\/09\/Recomendaciones_centros_escolares%2022.23.pdf\" target=\"_blank\" rel=\"noopener noreferrer\">Protocolo COVID-19<\/a>\n<ul>\n \t<li><a href=\"https:\/\/www.test.cesramonycajal.com\/wp-content\/uploads\/covid\/revision_30_enero.pdf\" target=\"_blank\" rel=\"noopener\" data-saferedirecturl=\"https:\/\/www.google.com\/url?q=https:\/\/www.juntadeandalucia.es\/organismos\/saludyfamilias\/servicios\/actualidad\/noticias\/detalle\/250811.html&amp;source=gmail&amp;ust=1648704676505000&amp;usg=AOvVaw3kBaa0Mc1WT5rnWzAK6LBA\">Anexo Revision 30 enero 2022<\/a><\/li>\n \t<li><a href=\"https:\/\/www.test.cesramonycajal.com\/wp-content\/uploads\/covid\/instrucciones_mascarilla_2022.pdf\" target=\"_blank\" rel=\"noopener\" data-saferedirecturl=\"https:\/\/www.google.com\/url?q=https:\/\/www.boe.es\/diario_boe\/txt.php?id%3DBOE-A-2022-2176&amp;source=gmail&amp;ust=1648704676505000&amp;usg=AOvVaw2lrC3i9ZO1kesNKlVGl0sd\">Instrucciones Febrero 2022<\/a><\/li>\n \t<li><a href=\"https:\/\/www.test.cesramonycajal.com\/wp-content\/uploads\/covid\/revision_febrero.pdf\" target=\"_blank\" rel=\"noopener\" data-saferedirecturl=\"https:\/\/www.google.com\/url?q=https:\/\/www.boe.es\/diario_boe\/txt.php?id%3DBOE-A-2022-4917&amp;source=gmail&amp;ust=1648704676505000&amp;usg=AOvVaw24kGAs0wt-PrJO_cLhUZoa\">Instrucciones uso mascarilla 2022<\/a><\/li>\n \t<li><a href=\"https:\/\/www.test.cesramonycajal.com\/wp-content\/uploads\/covid\/modificacion-junta-20abril.pdf\">Modificaciones 20 de Abril Junta de Andalucia<\/a><\/li>\n \t<li><a href=\"https:\/\/www.test.cesramonycajal.com\/wp-content\/uploads\/covid\/comunicado-familias.pdf\">Comunicado familias<\/a><\/li>\n<\/ul>\n<\/li>\n<\/ul>\n[\/vc_column_text][\/vc_column][vc_column width=\"1\/3\"][vc_column_text el_class=\"titulo-35\"]\n<h3>Normativa andaluza<\/h3>\n<ul>\n \t<li><a href=\"https:\/\/www.test.cesramonycajal.com\/wp-content\/uploads\/2018\/09\/LEA.pdf\">Ley 17\/2007, de 10 de diciembre, de Educaci\u00f3n de Andaluc\u00eda.<\/a><\/li>\n \t<li><a href=\"https:\/\/www.test.cesramonycajal.com\/wp-content\/uploads\/2018\/09\/ROC.pdf\">Decreto 327\/2010, de 13 de julio, por el que se aprueba el Reglamento Org\u00e1nico de los Institutos de Educaci\u00f3n Secundaria (ROC)<\/a><\/li>\n \t<li><a href=\"https:\/\/www.test.cesramonycajal.com\/wp-content\/uploads\/2018\/09\/ORDEN-CURRICULUM-ESO.pdf\">Orden de 14 de julio de 2016, por la que se desarrolla el curr\u00edculo correspondiente a la educaci\u00f3n Secundaria Obligatoria en la Comunidad Aut\u00f3noma de Andaluc\u00eda.<\/a><\/li>\n \t<li><a href=\"https:\/\/www.test.cesramonycajal.com\/wp-content\/uploads\/2018\/09\/ORDEN-CURRICULUM-BACHILLERATO.pdf\">Orden de 14 de julio de 2016, por la que se desarrolla el curr\u00edculo correspondiente al Bachillerato en la Comunidad Aut\u00f3noma de Andaluc\u00eda.\u00a0<\/a><\/li>\n \t<li><a href=\"https:\/\/www.test.cesramonycajal.com\/wp-content\/uploads\/2018\/09\/ORDEN-EVALUACION-FPI.pdf\">\u00a0ORDEN de 29 de septiembre de 2010, por la que se regula la evaluaci\u00f3n, certificaci\u00f3n, acreditaci\u00f3n y titulaci\u00f3n acad\u00e9mica de ense\u00f1anzas de formaci\u00f3n profesional inicial que forma parte del sistema educativo en la Comunidad Aut\u00f3noma de Andaluc\u00eda.<\/a><\/li>\n \t<li><a href=\"http:\/\/www.juntadeandalucia.es\/educacion\/portals\/web\/ced\">Portal de la Consejer\u00eda de Educaci\u00f3n de la Junta de Andalucia.<\/a><\/li>\n<\/ul>\n[\/vc_column_text][\/vc_column][vc_column width=\"1\/3\"][vc_column_text el_class=\"titulo-35\"]\n<h3>Normativa espa\u00f1ola<\/h3>\n<ul>\n \t<li><a href=\"https:\/\/www.test.cesramonycajal.com\/wp-content\/uploads\/2018\/09\/LODE.pdf\">Ley Org\u00e1nica 8\/1985, de 3 de julio, reguladora del Derecho a la Educaci\u00f3n (LODE)<\/a><\/li>\n \t<li><a href=\"https:\/\/www.test.cesramonycajal.com\/wp-content\/uploads\/2018\/09\/LOE.pdf\">Ley Org\u00e1nica 2\/2006, de 3 de mayo, de Educaci\u00f3n (LOE)<\/a><\/li>\n \t<li><a href=\"https:\/\/www.test.cesramonycajal.com\/wp-content\/uploads\/2018\/09\/LOMCE.pdf\">Ley Org\u00e1nica 8\/2013, de 9 de diciembre, para la mejora de la calidad educativa (LOMCE)<\/a><\/li>\n \t<li><a href=\"http:\/\/todofp.es\/inicio.html\">Portal\u00a0<b>\"Todo FP\"<\/b>. Ministerio de Eduaci\u00f3n y Formaci\u00f3n Profesional<\/a><\/li>\n<\/ul>\n[\/vc_column_text][\/vc_column][\/vc_row][vc_row disable_element=\"yes\"][vc_column][vc_column_text el_class=\"titulo-35\"]\n<h2>Normativa del C.E.S Ram\u00f3n y Cajal<\/h2>\n[\/vc_column_text][vc_tta_tour color=\"white\" spacing=\"\" active_section=\"1\" el_class=\"bloque-pestanas\"][vc_tta_section title=\"Normas de convivencia\" tab_id=\"1519978628447-97ae06e5-f678\" el_class=\"pestana\"][vc_column_text el_class=\"cont-pestana\"]En ella podr\u00e1s encontrar informaci\u00f3n relacionada con la actividad educativa desarrollada en mismo.\n\nSi eres alumno de este departamento, puedes tener acceso a zona restringida para alumnos en la que encontrar\u00e1s informaci\u00f3n espec\u00edfica para t\u00ed, descargas para alumnos, etc.\n\nPara tener acceso a la zona restringida de alumnos debes pedir usuario y contrase\u00f1a a cualquier profesor del Dpto.[\/vc_column_text][\/vc_tta_section][vc_tta_section title=\"Derechos y deberes de los alumnos\" tab_id=\"1519978628518-cb6ee85d-3db4\" el_class=\"pestana\"][vc_column_text el_class=\"cont-pestana\"]En ella podr\u00e1s encontrar informaci\u00f3n relacionada con la actividad educativa desarrollada en mismo.\n\nSi eres alumno de este departamento, puedes tener acceso a zona restringida para alumnos en la que encontrar\u00e1s informaci\u00f3n espec\u00edfica para t\u00ed, descargas para alumnos, etc.\n\nPara tener acceso a la zona restringida de alumnos debes pedir usuario y contrase\u00f1a a cualquier profesor del Dpto.[\/vc_column_text][\/vc_tta_section][vc_tta_section title=\"Asistencia a clase\" tab_id=\"1519978628582-d7677d71-71f2\" el_class=\"pestana\"][vc_column_text el_class=\"cont-pestana\"]En ella podr\u00e1s encontrar informaci\u00f3n relacionada con la actividad educativa desarrollada en mismo.\n\nSi eres alumno de este departamento, puedes tener acceso a zona restringida para alumnos en la que encontrar\u00e1s informaci\u00f3n espec\u00edfica para t\u00ed, descargas para alumnos, etc.\n\nPara tener acceso a la zona restringida de alumnos debes pedir usuario y contrase\u00f1a a cualquier profesor del Dpto.[\/vc_column_text][\/vc_tta_section][vc_tta_section title=\"Reglamentos de organizaci\u00f3n\" tab_id=\"1519978628653-c9ff4056-5006\" el_class=\"pestana\"][vc_column_text el_class=\"cont-pestana\"]En ella podr\u00e1s encontrar informaci\u00f3n relacionada con la actividad educativa desarrollada en mismo.\n\nSi eres alumno de este departamento, puedes tener acceso a zona restringida para alumnos en la que encontrar\u00e1s informaci\u00f3n espec\u00edfica para t\u00ed, descargas para alumnos, etc.\n\nPara tener acceso a la zona restringida de alumnos debes pedir usuario y contrase\u00f1a a cualquier profesor del Dpto.[\/vc_column_text][\/vc_tta_section][\/vc_tta_tour][\/vc_column][\/vc_row][\/vc_section][vc_section css=\".vc_custom_1517302741005{margin-bottom: 60px !important;}\"][vc_row el_class=\"anchor\" el_id=\"seccion-medio-ambiente\"][vc_column][\/vc_column][\/vc_row][vc_row][vc_column][vc_column_text el_class=\"titulo-35\"]\n<h2>Medio Ambiente<\/h2>\n[\/vc_column_text][vc_tta_tour color=\"white\" spacing=\"\" active_section=\"2\" el_class=\"bloque-pestanas\"][vc_tta_section title=\"Pol\u00edtica Medioambiental\" tab_id=\"politica-medioambiental\" el_class=\"pestana\"][vc_column_text el_class=\"cont-pestana\"]\n<p style=\"text-align: center;\">[pdf-embedder url=&quot;https:\/\/www.test.cesramonycajal.com\/wp-content\/uploads\/2022\/05\/Politicamedioambiental.pdf%22]<\/p>\n[\/vc_column_text][\/vc_tta_section][vc_tta_section title=&quot;Gu\u00eda de buenas pr\u00e1cticas&quot; tab_id=&quot;guia-de-buenas-practicas&quot; el_class=&quot;pestana&quot;][vc_column_text el_class=&quot;cont-pestana&quot;][pdf-embedder url=&quot;https:\/\/www.test.cesramonycajal.com\/wp-content\/uploads\/2022\/05\/GuiadeBuenasPracticasAmbientales.pdf%22][\/vc_column_text][\/vc_tta_section][vc_tta_section title=&quot;Campa\u00f1as medioambientales 2021-2022&quot; tab_id=&quot;1515952469568-29242ca2-269e&quot; el_class=&quot;pestana&quot;][vc_column_text][pdf-embedder url=&quot;https:\/\/www.test.cesramonycajal.com\/wp-content\/uploads\/2022\/06\/Objetivos-medioambientales.pdf%22][\/vc_column_text][\/vc_tta_section][vc_tta_section title=&quot;Punto Verde&quot; tab_id=&quot;1515952469629-6a1f39b1-a7b2&quot; el_class=&quot;pestana&quot;][vc_column_text el_class=&quot;cont-pestana&quot;]Nuestro centro dispone de un punto verde de reciclaje ubicado en la Secretar\u00eda.\n\nEn \u00e9l se pueden encontrar los siguientes contenedores para uso de todo el alumnado:\n\n- Contenedor de pilas\n\n- Contenedor de m\u00f3viles y cargadores, colaborando con la FUNDACI\u00d3N TRAGAMOVIL.\n\n- Contenedor de cartuchos de tinta de impresora y de t\u00f3ner.\n\nEn la zona de la fotocopiadora tenemos, adem\u00e1s, un contenedor de papel (azul) y otro de envases (amarillo).\n\nDistribuidos por todo el centro hay tambi\u00e9n, contenedores de papel.\n\n<img class=\"aligncenter size-large wp-image-2976\" src=\"https:\/\/www.test.cesramonycajal.com\/wp-content\/uploads\/2018\/10\/IMG_20181018_134201-700x933.jpg\" alt=\"\" \/>[\/vc_column_text][\/vc_tta_section][vc_tta_section title=\"Direcciones de Punto Limpio en Granada\" tab_id=\"1519978979594-2877472e-0b25\" el_class=\"pestana\"][vc_column_text el_class=\"cont-pestana\"]\n<table class=\"table table-condensed\">\n<thead>\n<tr class=\"success\">\n<th>PUNTO LIMPIO<\/th>\n<th>GRANADA<\/th>\n<th>GUADIX<\/th>\n<th>MOTRIL<\/th>\n<th>SANTA FE<\/th>\n<\/tr>\n<\/thead>\n<tbody>\n<tr>\n<td>DIRECCI\u00d3N<\/td>\n<td>Pol\u00edgono El Flor\u00edo<\/td>\n<td>P.I.La Marcova<\/td>\n<td>C\/ Ronda de los \u00c1lamos, s\/n<\/td>\n<td>P.I. Dos de mayo<\/td>\n<\/tr>\n<tr>\n<td>TEL\u00c9FONO<\/td>\n<td>958806989<\/td>\n<td>618935841 - 958 66 93 00 (Ayto.)<\/td>\n<td>958607625<\/td>\n<td>958440000 - 958 44 00 00 (Ayto.)<\/td>\n<\/tr>\n<tr>\n<td>HORARIO<\/td>\n<td>M-S: 9:00-20:00 y D:9:00-15:00<\/td>\n<td>L-S:17:00-20:00<\/td>\n<td>L-S:9:00-13:00 y 15:00-18:00, D: 9:00-13:00<\/td>\n<td>X-D: 10:00-14:00 y 17:00-19:00<\/td>\n<\/tr>\n<tr>\n<td rowspan=\"24\">RESIDUOS ADMITIDOS<\/td>\n<td>Aceite Vegetal<\/td>\n<td>Aceite Vegetal<\/td>\n<td>Aceite Vegetal<\/td>\n<td>Aceite Vegetal<\/td>\n<\/tr>\n<tr>\n<td>Chatarra y enseres<\/td>\n<td>Chatarra y enseres<\/td>\n<td>Chatarra y enseres<\/td>\n<td>Chatarra y enseres<\/td>\n<\/tr>\n<tr>\n<td>Colchones<\/td>\n<td>Colchones<\/td>\n<td>Colchones<\/td>\n<td>Envases<\/td>\n<\/tr>\n<tr>\n<td>Escombros<\/td>\n<td>Envases<\/td>\n<td>Escombros<\/td>\n<td>Escombros<\/td>\n<\/tr>\n<tr>\n<td>Fluorescentes<\/td>\n<td>Escombros<\/td>\n<td>Fluorescentes<\/td>\n<td>Fluorescentes<\/td>\n<\/tr>\n<tr>\n<td>Madera<\/td>\n<td>Fluorescentes<\/td>\n<td>Madera<\/td>\n<td>Madera<\/td>\n<\/tr>\n<tr>\n<td>Neum\u00e1ticos<\/td>\n<td>Papel \/ cart\u00f3n<\/td>\n<td>Papel \/ cart\u00f3n<\/td>\n<td>Papel \/ cart\u00f3n<\/td>\n<\/tr>\n<tr>\n<td>Papel \/ cart\u00f3n<\/td>\n<td>Pilas<\/td>\n<td>Pl\u00e1sticos<\/td>\n<td>Pilas<\/td>\n<\/tr>\n<tr>\n<td>Pilas<\/td>\n<td>Radiograf\u00edas<\/td>\n<td>RAEE (l\u00ednea blanca)<\/td>\n<td>Radiograf\u00edas<\/td>\n<\/tr>\n<tr>\n<td>Pl\u00e1sticos<\/td>\n<td>RAEE (l\u00ednea blanca)<\/td>\n<td>Restos de poda<\/td>\n<td>RAEE (l\u00ednea blanca)<\/td>\n<\/tr>\n<tr>\n<td>RAEE (l\u00ednea blanca)<\/td>\n<td>Restos de poda<\/td>\n<td>Textiles<\/td>\n<td>Restos de poda<\/td>\n<\/tr>\n<tr>\n<td>Restos de poda<\/td>\n<td>Textiles<\/td>\n<td>Vidrio<\/td>\n<td>Textiles<\/td>\n<\/tr>\n<tr>\n<td>Textiles<\/td>\n<td>Vidrio<\/td>\n<td>Aceites Minerales<\/td>\n<td>T\u00f3ner, tinta<\/td>\n<\/tr>\n<tr>\n<td>T\u00f3ner, tinta<\/td>\n<td>Aceites Minerales<\/td>\n<td>Aerosoles<\/td>\n<td>Vidrio<\/td>\n<\/tr>\n<tr>\n<td>Vidrio<\/td>\n<td>Bater\u00edas<\/td>\n<td>Bater\u00edas<\/td>\n<td>Aceites Minerales<\/td>\n<\/tr>\n<tr>\n<td>Aceites Minerales<\/td>\n<td>Disolventes<\/td>\n<td>Disolventes<\/td>\n<td>Aerosoles<\/td>\n<\/tr>\n<tr>\n<td>Bater\u00edas<\/td>\n<td>Envases Met\u00e1licos<\/td>\n<td>Envases fitosanitarios<\/td>\n<td>Bater\u00edas<\/td>\n<\/tr>\n<tr>\n<td>Disolventes<\/td>\n<td>Envases Pl\u00e1sticos<\/td>\n<td>Envases Met\u00e1licos<\/td>\n<td>Disolventes<\/td>\n<\/tr>\n<tr>\n<td>Envases Met\u00e1licos<\/td>\n<td>Pinturas y Barnices<\/td>\n<td>Envases Pl\u00e1sticos<\/td>\n<td>Envases Met\u00e1licos<\/td>\n<\/tr>\n<tr>\n<td>Filtros de Aceite<\/td>\n<td><\/td>\n<td>Filtros de Aceite<\/td>\n<td>Envases Pl\u00e1sticos<\/td>\n<\/tr>\n<tr>\n<td>Pinturas y Barnices<\/td>\n<td><\/td>\n<td>Material Fotogr\u00e1fico<\/td>\n<td>L\u00e1mparas de mercurio<\/td>\n<\/tr>\n<tr>\n<td><\/td>\n<td><\/td>\n<td>Pilas bot\u00f3n<\/td>\n<td>Material Fotogr\u00e1fico<\/td>\n<\/tr>\n<tr>\n<td><\/td>\n<td><\/td>\n<td><\/td>\n<td>Pilas bot\u00f3n<\/td>\n<\/tr>\n<tr>\n<td><\/td>\n<td><\/td>\n<td><\/td>\n<td>Pinturas y Barnices<\/td>\n<\/tr>\n<\/tbody>\n<\/table>\n[\/vc_column_text][\/vc_tta_section][vc_tta_section title=\"Certificados\" tab_id=\"certificados\"][vc_column_text]\n<h3>Certificado 14001<\/h3>\n[pdf-embedder url=&quot;https:\/\/www.test.cesramonycajal.com\/wp-content\/uploads\/2022\/06\/CERTIFICADO-2021-14001-Tear.pdf%22]\n<h3>Certificados 9001<\/h3>\n[pdf-embedder url=&quot;https:\/\/www.test.cesramonycajal.com\/wp-content\/uploads\/2022\/06\/CERTIFICADO-2022-9001-Tear.pdf%22][\/vc_column_text][\/vc_tta_section][\/vc_tta_tour][\/vc_column][\/vc_row][\/vc_section][vc_section css=&quot;.vc_custom_1517302745795{margin-bottom: 60px !important;}&quot;][vc_row el_class=&quot;anchor&quot; el_id=&quot;seccion-calidad&quot;][vc_column][\/vc_column][\/vc_row][vc_row][vc_column][vc_column_text el_class=&quot;titulo-35&quot;]\n<h2>Calidad<\/h2>\n[\/vc_column_text][vc_tta_tour color=\"white\" spacing=\"\" active_section=\"2\" el_class=\"bloque-pestanas\"][vc_tta_section title=\"Introducci\u00f3n\" tab_id=\"calidad-introduccion\" el_class=\"pestana\"][vc_column_text el_class=\"cont-pestana\"]El CES Ram\u00f3n y Cajal\u00a0 es un centro de ense\u00f1anza propiedad de la cooperativa TEAR S.C.A., que est\u00e1 formada por profesionales de la ense\u00f1anza.\n\n&nbsp;\n\nEn el CES Ram\u00f3n y Cajal se imparte educaci\u00f3n reglada y no reglada.\n\n&nbsp;\n\nEn la reglada, impartimos los siguientes niveles\n\n&nbsp;\n<ul>\n \t<li>Secundaria<\/li>\n \t<li>Bachillerato<\/li>\n \t<li>Ciclos formativos de grado medio<\/li>\n \t<li>Ciclos formativos de grado superior. Los ciclos de Administraci\u00f3n y Finanzas y Educaci\u00f3n Infantil, se imparten en presencial y tambi\u00e9n en modalidad a distancia.<\/li>\n \t<li>FPB<\/li>\n<\/ul>\n&nbsp;\n\nEn la formaci\u00f3n no reglada impartimos diferentes cursos; algunos de ellos de forma privada, como la preparaci\u00f3n de las pruebas de acceso a grado superior (subvencionados por nuestra AMYPA); y otros, como los de formaci\u00f3n para el empleo (antigua formaci\u00f3n ocupacional).\n\n&nbsp;\n\nNuestro centro pertenece a\u00a0\u00a0<a href=\"http:\/\/www.aces-andalucia.org\/\" target=\"_blank\" rel=\"noopener noreferrer\">ACES<\/a>, que es la asociaci\u00f3n andaluza de centros de ense\u00f1anza de econom\u00eda social, en la que todos sus miembros son cooperativas de ense\u00f1anza, y la mayor\u00eda de ellos comparten el mismo modelo de calidad, respetando no obstante, las caracter\u00edsticas propias de cada centro.\n\n&nbsp;\n\nPretendemos, tal como recoge nuestro Proyecto Educativo, educar en valores a nuestros alumnos, sin descuidar la continua actualizaci\u00f3n de nuestro sistema educativo para<strong>\u00a0prepararles ampliamente de cara a su inserci\u00f3n laboral futura<\/strong>.\n\n&nbsp;\n\nNuestra sociedad cooperativa tiene como modelo los\u00a0<strong>principios de la econom\u00eda social<\/strong>, que son los siguientes:\n\n&nbsp;\n<ul>\n \t<li><strong>Valoraci\u00f3n de las personas por encima del capital.<\/strong><\/li>\n \t<li><strong>Democracia y participaci\u00f3n.<\/strong><\/li>\n \t<li><strong>Solidaridad.<\/strong><\/li>\n \t<li><strong>Responsabilidad en la participaci\u00f3n y contribuci\u00f3n de los socios en la gesti\u00f3n profesional.<\/strong><\/li>\n \t<li><strong>Rentabilidad y eficacia empresarial.<\/strong><\/li>\n \t<li><strong>Reparto de resultados de forma equilibrada.<\/strong><\/li>\n<\/ul>\n&nbsp;\n\nDesde el a\u00f1o 2005, estamos comprometidos con el\u00a0Sistema de Gesti\u00f3n de la Calidad expuesto en la norma UNE-EN-ISO 9001 (productos y servicios)\u00a0 y en la UNE-EN-ISO 14001 (medioambiental).\n\n&nbsp;\n\nPor tanto\u00a0nos comprometemos\u00a0a:\n\n&nbsp;\n<ul>\n \t<li>Definir, documentar e implantar un Sistema de Calidad\u00a0 y Medio Ambiente incluyendo sus compromisos en materia de Calidad, Gesti\u00f3n Ambiental y Mejora Continua.<\/li>\n \t<li>Y con respecto al\u00a0<a href=\"https:\/\/www.test.cesramonycajal.com\/index.php\/medioambiente\" target=\"_self\" rel=\"noopener noreferrer\">medioambiente<\/a>, nos comprometemos a adoptar la gu\u00eda de \u201cBuenas Pr\u00e1cticas Ambientales y Energ\u00e9ticas\u201d propuesta por ACES con el objetivo de poner a disposici\u00f3n de nuestros clientes y su entorno familiar, toda la informaci\u00f3n ambiental necesaria para adoptar pautas de conducta m\u00e1s sostenibles en las actividades de su vida cotidiana y que entiendan que el desarrollo, la innovaci\u00f3n y el progreso son perfectamente compatibles con el respeto al entorno que nos rodea.<\/li>\n<\/ul>\n[\/vc_column_text][\/vc_tta_section][vc_tta_section title=\"Pol\u00edtica de Calidad\" tab_id=\"calidad-politicadecalidad\" el_class=\"pestana\"][vc_column_text el_class=\"cont-pestana\"]El CES. Ram\u00f3n y Cajal \/TEAR S.C.A. asume la pol\u00edtica de calidad como un recurso que le permita plantear \u00e1reas de mejora en el desempe\u00f1o de su actividad en la prestaci\u00f3n de servicios a la comunidad a la que se dirige y la consecuci\u00f3n de la satisfacci\u00f3n de sus clientes. Para ello define su pol\u00edtica de calidad en tres apartados concretos denominados: MISI\u00d3N, VISI\u00d3N Y ESTRATEGIAS.\n<ol>\n \t<li><strong>MISI\u00d3N<\/strong>\nEducar, ense\u00f1ar y formar desde la diversidad personas \u00edntegras, aut\u00f3nomas y solidarias con sentido cr\u00edtico y actitud transformadora, desde un proyecto empresarial cooperativo con la implicaci\u00f3n de toda la comunidad educativa.<\/li>\n \t<li><strong>VISI\u00d3N<\/strong>\n<ul>\n \t<li>\u201cImpulsar una cultura de calidad, la innovaci\u00f3n y la eficacia.\u201d<\/li>\n \t<li>\u201cPromover una estrategia orientada a la mejora de la calidad\u201d<\/li>\n \t<li>\u201cDesarrollar una gesti\u00f3n eficaz de los recursos existentes.\u201d<\/li>\n \t<li>\u201cPotenciar nuestra metodolog\u00eda educativa con vistas a mejorar la formaci\u00f3n e inserci\u00f3n laboral del alumnado.\u201d<\/li>\n \t<li>\u201cMejorar e intensificar la comunicaci\u00f3n entre todos los miembros de la Comunidad Educativa\u201d<\/li>\n \t<li>\u201cImplicar a toda la Comunidad Educativa en la consecuci\u00f3n de unos resultados satisfactorios\u201d<\/li>\n<\/ul>\n<\/li>\n \t<li><strong>ESTRATEGIAS<\/strong>\n<ul>\n \t<li>\u201cImpulsar una cultura de calidad, la innovaci\u00f3n y la eficacia.\u201d<\/li>\n \t<li>\u201cMejorar e intensificar la comunicaci\u00f3n entre todos los miembros de la Comunidad Educativa\u201d<\/li>\n \t<li>\u201cDesarrollar una gesti\u00f3n eficaz de los recursos existentes.\u201d<\/li>\n<\/ul>\n<\/li>\n<\/ol>\n[\/vc_column_text][\/vc_tta_section][vc_tta_section title=\"Dec\u00e1logo de los Centros ACES\" tab_id=\"1681382987627-b848b4a0-5c66\" el_class=\"pestana\"][vc_single_image image=\"25711\" img_size=\"full\" alignment=\"center\"][\/vc_tta_section][\/vc_tta_tour][\/vc_column][\/vc_row][vc_row][vc_column][vc_column_text el_class=\"titulo-35\"]\n<h2>Sostenibilidad<\/h2>\n[\/vc_column_text][vc_tta_tour color=\"white\" spacing=\"\" active_section=\"1\" el_class=\"bloque-pestanas\"][vc_tta_section title=\"Sostenibilidad C\u00e1mara\" tab_id=\"1677238751277-2c5534e0-4a13\"][vc_column_text]\n<table style=\"border-collapse: collapse; width: 101.301%; height: 135px;\">\n<tbody>\n<tr style=\"height: 205px;\">\n<td style=\"width: 21.6011%; height: 135px; text-align: left;\"><img class=\"aligncenter wp-image-25294 size-thumbnail\" src=\"https:\/\/www.test.cesramonycajal.com\/wp-content\/uploads\/2023\/02\/logo-europa-150x150.png\" alt=\"\" width=\"150\" height=\"150\" \/><\/td>\n<td style=\"width: 78.3989%; height: 135px; text-align: left;\"><span style=\"font-size: 14px;\">\u201c<strong>CENTRO DE ESTUDIOS TECNICOS Y ARTISTICOS TEAR SDAD COOP AND<\/strong> ha sido beneficiaria del <strong><span style=\"text-decoration: underline;\"><a href=\"https:\/\/www.test.cesramonycajal.com\/wp-content\/uploads\/2023\/02\/Sostenibilidad-Camara.pdf\">Fondo Europeo de Desarrollo Regional<\/a><\/span><\/strong> cuyo objetivo es Potenciar la investigaci\u00f3n, el desarrollo tecnol\u00f3gico y la innovaci\u00f3n, y gracias al que ha realizado el proyecto de <strong>Plan Social de responsabilidad Corporativa (22\/2\/2023)<\/strong> para apoyar la creaci\u00f3n y consolidaci\u00f3n de empresas innovadoras. Para ello ha contado con el apoyo del Programa de sostenibilidad de la C\u00e1mara de Comercio de Granada.\u201d<\/span>\n\n<span style=\"font-size: 14px;\">Fondo Europeo de Desarrollo Regional\u00a0 \u00a0 \u00a0 \u00a0 \u00a0 \u00a0 \u00a0 \u00a0 \u00a0 \u00a0 \u00a0 \u00a0 \u00a0 \u00a0 \u00a0 \u00a0 \u00a0 \u00a0 \u00a0 \u00a0 \u00a0 \u00a0 \u00a0 \u00a0 \u00a0 \u00a0 \u00a0 \u00a0 \u00a0 \u00a0 \u00a0 \u00a0 \u00a0 \u00a0 \u00a0 \u00a0 \u00a0 <span style=\"color: #3366ff;\">Una Manera de Hacer Europa<\/span><\/span><\/td>\n<\/tr>\n<\/tbody>\n<\/table>\n[\/vc_column_text][\/vc_tta_section][vc_tta_section title=\"Responsabilidad Social Corporativa TEAR\" tab_id=\"1681382901093-2a3b2a72-3aee\"][vc_column_text]\n<p style=\"text-align: center;\">[pdf-embedder url=&quot;https:\/\/www.test.cesramonycajal.com\/wp-content\/uploads\/2023\/04\/Memoria-RSC-TEAR-2023.pdf%22]<\/p>\n[\/vc_column_text][\/vc_tta_section][\/vc_tta_tour][\/vc_column][\/vc_row][\/vc_section][vc_section full_width=\"stretch_row_content\"][vc_row full_width=\"stretch_row_content_no_spaces\"][vc_column][vc_column_text][entradas][\/vc_column_text][\/vc_column][\/vc_row][\/vc_section]","_et_gb_content_width":"","footnotes":""},"class_list":["post-253","page","type-page","status-publish","hentry"],"_links":{"self":[{"href":"https:\/\/www.test.cesramonycajal.com\/index.php?rest_route=\/wp\/v2\/pages\/253","targetHints":{"allow":["GET"]}}],"collection":[{"href":"https:\/\/www.test.cesramonycajal.com\/index.php?rest_route=\/wp\/v2\/pages"}],"about":[{"href":"https:\/\/www.test.cesramonycajal.com\/index.php?rest_route=\/wp\/v2\/types\/page"}],"author":[{"embeddable":true,"href":"https:\/\/www.test.cesramonycajal.com\/index.php?rest_route=\/wp\/v2\/users\/2"}],"replies":[{"embeddable":true,"href":"https:\/\/www.test.cesramonycajal.com\/index.php?rest_route=%2Fwp%2Fv2%2Fcomments&post=253"}],"version-history":[{"count":1,"href":"https:\/\/www.test.cesramonycajal.com\/index.php?rest_route=\/wp\/v2\/pages\/253\/revisions"}],"predecessor-version":[{"id":51916,"href":"https:\/\/www.test.cesramonycajal.com\/index.php?rest_route=\/wp\/v2\/pages\/253\/revisions\/51916"}],"wp:attachment":[{"href":"https:\/\/www.test.cesramonycajal.com\/index.php?rest_route=%2Fwp%2Fv2%2Fmedia&parent=253"}],"curies":[{"name":"wp","href":"https:\/\/api.w.org\/{rel}","templated":true}]}}